{"id":85,"date":"2015-03-06T16:14:51","date_gmt":"2015-03-06T19:14:51","guid":{"rendered":"https:\/\/www.facet.unt.edu.ar\/cic\/?page_id=85"},"modified":"2026-08-12T08:32:00","modified_gmt":"2026-08-12T11:32:00","slug":"comision-academica","status":"publish","type":"page","link":"https:\/\/www.facet.unt.edu.ar\/cic\/comision-academica\/","title":{"rendered":"Comisi\u00f3n Acad\u00e9mica"},"content":{"rendered":"<h2><strong><a id=\"DIRECTOR-DE-CARRERA\"><\/a>DIRECTOR DE CARRERA<\/strong><\/h2>\n<table style=\"width: 131.091%; height: 101px;\" border=\"0\" cellspacing=\"0\" cellpadding=\"0\">\n<tbody>\n<tr style=\"height: 35px;\">\n<td style=\"width: 1080px; border-color: #343538; background-color: #343538; height: 35px;\" colspan=\"3\"><span style=\"color: #343538;\"><strong><span style=\"font-size: 14pt; font-family: verdana, geneva;\">P<\/span><\/strong><\/span><\/td>\n<\/tr>\n<tr style=\"height: 35px;\">\n<td style=\"width: 400px; height: 33px;\" colspan=\"2\"><span style=\"font-size: 12pt; font-family: arial, helvetica, sans-serif;\">\u00a0 \u00a0 \u00a0 \u00a0 \u00a0 \u00a0 \u00a0 <span style=\"font-family: arial, helvetica, sans-serif;\"><a href=\"https:\/\/www.facet.unt.edu.ar\/iest\/integrantes\/molina-analia\/\">MOLINA TRIVI\u00d1O, Anal\u00eda<\/a><\/span><\/span><\/td>\n<td style=\"width: 680px; height: 33px;\"><span style=\"font-family: arial, helvetica, sans-serif; font-size: 12pt;\"><a href=\"mailto:amolina@herrera.unt.edu.ar\">amolina@herrera.unt.edu.ar<\/a><\/span><\/td>\n<\/tr>\n<tr style=\"height: 35px;\">\n<td style=\"width: 400px; border-color: #ffffff; height: 33px;\" colspan=\"2\"><span style=\"color: #999999; font-size: 14pt; font-family: 'times new roman', times;\"><span style=\"color: #ffffff;\">0<\/span><\/span><\/td>\n<td style=\"width: 680px; border-color: #ffffff; height: 33px;\"><span style=\"font-size: 14pt; font-family: 'times new roman', times; color: #808080;\">\u00a0<\/span><\/td>\n<\/tr>\n<\/tbody>\n<\/table>\n<p>Resoluci\u00f3n: <a title=\"RES-FACET-DDA-9750\/2026\" href=\"https:\/\/www.facet.unt.edu.ar\/cic\/wp-content\/uploads\/sites\/25\/2026\/08\/3_10-07-2026_Resolucion_RES_FACET__DDA_9750_2026.pdf\" target=\"_blank\" rel=\"noopener\">RES-FACET-DDA-9750\/2026<\/a> . Desde el 1 de Julio de 2026 y hasta el d\u00eda 30 de Junio de 2028.<\/p>\n<h2><strong><a id=\"MIEMBROS-DE-LA-COMISI\u00d3N-ACAD\u00c9MICA\"><\/a>MIEMBROS DE LA COMISI\u00d3N ACAD\u00c9MICA<\/strong><\/h2>\n<p>&nbsp;<\/p>\n<table style=\"width: 131.091%; height: 167px;\" border=\"0\" cellspacing=\"0\" cellpadding=\"0\">\n<tbody>\n<tr style=\"height: 35px;\">\n<td style=\"width: 1080px; border-color: #343538; background-color: #343538; height: 35px;\" colspan=\"3\"><span style=\"color: #ffffff;\"><strong><span style=\"font-size: 14pt; font-family: verdana, geneva;\">Profesores Titulares\/Asociados<\/span><\/strong><\/span><\/td>\n<\/tr>\n<tr style=\"height: 33px;\">\n<td style=\"width: 80px; height: 33px;\">Titulares:<\/td>\n<td style=\"width: 320px; height: 33px;\"><span style=\"font-size: 12pt; font-family: arial, helvetica, sans-serif;\"><a href=\"https:\/\/www.facet.unt.edu.ar\/iest\/integrantes\/isla-facundo\/\">ISLA CALDER\u00d3N, Facundo<\/a><\/span><\/td>\n<td style=\"width: 680px; height: 33px;\"><span style=\"font-size: 12pt; font-family: arial, helvetica, sans-serif;\"><a href=\"fisla@herrera.unt.edu.ar\">fisla@herrera.unt.edu.ar<\/a><\/span><\/td>\n<\/tr>\n<tr style=\"height: 33.625px;\">\n<td style=\"width: 80px; height: 33px;\"><\/td>\n<td style=\"width: 320px; height: 33px;\"><span style=\"font-family: arial, helvetica, sans-serif;\">DAZIANO, Mar\u00eda Alejandra<\/span><\/td>\n<td style=\"width: 680px; height: 33px;\"><\/td>\n<\/tr>\n<tr style=\"height: 33px;\">\n<td style=\"width: 80px; height: 33px;\"><span style=\"color: #999999; font-size: 14pt; font-family: 'times new roman', times;\">Suplentes:<\/span><\/td>\n<td style=\"width: 320px; height: 33px;\"><span style=\"font-family: arial, helvetica, sans-serif;\">VRECH, Sonia Mariel<\/span><\/td>\n<td style=\"width: 680px; height: 33px;\"><\/td>\n<\/tr>\n<tr style=\"height: 33px;\">\n<td style=\"width: 80px; height: 33px;\"><\/td>\n<td style=\"width: 320px; height: 33px;\"><span style=\"font-family: arial, helvetica, sans-serif;\">D\u00cdAZ, Leandro Ra\u00fal<\/span><\/td>\n<td style=\"width: 680px; height: 33px;\"><\/td>\n<\/tr>\n<\/tbody>\n<\/table>\n<p>&nbsp;<\/p>\n<table style=\"width: 131.091%; height: 167px;\" border=\"0\" cellspacing=\"0\" cellpadding=\"0\">\n<tbody>\n<tr style=\"height: 35px;\">\n<td style=\"width: 1080px; background-color: #343538; height: 35px;\" colspan=\"3\"><span style=\"font-size: 14pt; font-family: 'times new roman', times; color: #ffffff;\"><strong><span style=\"font-family: verdana,geneva;\">Profesores Adjuntos<\/span><\/strong><\/span><\/td>\n<\/tr>\n<tr style=\"height: 35px;\">\n<td style=\"border-color: #d2d2d2; width: 80px; height: 33px;\"><span style=\"font-size: 14pt; font-family: 'times new roman',times;\">Titulares:<\/span><\/td>\n<td style=\"border-color: #d2d2d2; width: 320px; height: 33px;\"><span style=\"font-family: arial, helvetica, sans-serif;\">OJEDA, Carlos Emilio<\/span><\/td>\n<td style=\"border-color: #d2d2d2; width: 680px; height: 33px;\"><\/td>\n<\/tr>\n<tr style=\"height: 35px;\">\n<td style=\"border-color: #d2d2d2; width: 80px; height: 33px;\"><\/td>\n<td style=\"border-color: #d2d2d2; width: 320px; height: 33px;\"><span style=\"font-family: arial, helvetica, sans-serif;\">PEDROSA, Fabian Enrique<\/span><\/td>\n<td style=\"border-color: #d2d2d2; width: 680px; height: 33px;\"><\/td>\n<\/tr>\n<tr style=\"height: 35px;\">\n<td style=\"border-color: #d2d2d2; width: 80px; height: 33px;\"><span style=\"color: #999999; font-size: 14pt; font-family: 'times new roman', times;\">Suplentes:<\/span><\/td>\n<td style=\"border-color: #d2d2d2; width: 320px; height: 33px;\"><span style=\"font-family: arial, helvetica, sans-serif;\">AR\u00c1OZ, Gabriel Francisco<\/span><\/td>\n<td style=\"border-color: #d2d2d2; width: 680px; height: 33px;\"><\/td>\n<\/tr>\n<tr style=\"height: 35px;\">\n<td style=\"border-color: #d2d2d2; width: 80px; height: 33px;\"><span style=\"color: #999999; font-size: 14pt; font-family: 'times new roman', times;\">\u00a0<\/span><\/td>\n<td style=\"border-color: #d2d2d2; width: 320px; height: 33px;\"><span style=\"font-family: arial, helvetica, sans-serif;\">TANNUR\u00c9, Gast\u00f3n Alejandro<\/span><\/td>\n<td style=\"border-color: #d2d2d2; width: 680px; height: 33px;\"><\/td>\n<\/tr>\n<\/tbody>\n<\/table>\n<p>&nbsp;<\/p>\n<table style=\"width: 131.091%; height: 167px;\" border=\"0\" cellspacing=\"0\" cellpadding=\"0\">\n<tbody>\n<tr style=\"height: 35px;\">\n<td style=\"width: 99.815%; background-color: #343538; height: 35px;\" colspan=\"3\"><span style=\"font-size: 14pt; font-family: 'times new roman', times; color: #ffffff;\"><strong><span style=\"font-family: verdana,geneva;\">Docentes Auxiliares<\/span><\/strong><\/span><\/td>\n<\/tr>\n<tr style=\"height: 35px;\">\n<td style=\"border-color: #d2d2d2; width: 7.77144%; height: 33px;\"><span style=\"font-size: 14pt; font-family: 'times new roman',times;\">Titulares:<\/span><\/td>\n<td style=\"border-color: #d2d2d2; width: 29.4163%; height: 33px;\"><span style=\"font-family: arial, helvetica, sans-serif; font-size: 12pt;\">GRITTI MONTESINOS, Germ\u00e1n<\/span><\/td>\n<td style=\"border-color: #d2d2d2; width: 62.6272%; height: 33px;\"><span style=\"font-size: 12pt; font-family: arial, helvetica, sans-serif;\"><a href=\"mailto:ggrittimontesinos@herrera.unt.edu.ar\">ggrittimontesinos@herrera.unt.edu.ar<\/a><\/span><\/td>\n<\/tr>\n<tr style=\"height: 35px;\">\n<td style=\"border-color: #d2d2d2; width: 7.77144%; height: 33px;\"><span style=\"font-size: 14pt; font-family: 'times new roman', times; color: #000000;\">\u00a0<\/span><\/td>\n<td style=\"border-color: #d2d2d2; width: 29.4163%; height: 33px;\"><span style=\"font-family: arial, helvetica, sans-serif;\">PALACIO, Dolores<\/span><\/td>\n<td style=\"border-color: #d2d2d2; width: 62.6272%; height: 33px;\"><\/td>\n<\/tr>\n<tr style=\"height: 35px;\">\n<td style=\"border-color: #d2d2d2; width: 7.77144%; height: 33px;\"><span style=\"color: #999999; font-size: 14pt; font-family: 'times new roman', times;\">Suplentes:<\/span><\/td>\n<td style=\"border-color: #d2d2d2; width: 29.4163%; height: 33px;\"><span style=\"font-family: arial, helvetica, sans-serif;\">GRANDE, Diego Federico<\/span><\/td>\n<td style=\"border-color: #d2d2d2; width: 62.6272%; height: 33px;\"><\/td>\n<\/tr>\n<tr style=\"height: 35px;\">\n<td style=\"border-color: #d2d2d2; width: 7.77144%; height: 33px;\"><\/td>\n<td style=\"border-color: #d2d2d2; width: 29.4163%; height: 33px;\"><\/td>\n<td style=\"border-color: #d2d2d2; width: 62.6272%; height: 33px;\"><\/td>\n<\/tr>\n<\/tbody>\n<\/table>\n<p>&nbsp;<\/p>\n<table style=\"width: 131.091%; height: 105px;\" border=\"0\" cellspacing=\"0\" cellpadding=\"0\">\n<tbody>\n<tr style=\"height: 35px;\">\n<td style=\"width: 1080px; background-color: #343538; height: 35px;\" colspan=\"3\"><span style=\"font-size: 14pt; font-family: 'times new roman', times; color: #ffffff;\"><strong><span style=\"font-family: verdana,geneva;\">Estudiantes<\/span><\/strong><\/span><\/td>\n<\/tr>\n<tr style=\"height: 35px;\">\n<td style=\"border-color: #d2d2d2; width: 80px; height: 33px;\"><span style=\"font-size: 14pt; font-family: 'times new roman',times;\">Titulares:<\/span><\/td>\n<td style=\"border-color: #d2d2d2; width: 320px; height: 33px;\"><span style=\"font-family: arial, helvetica, sans-serif;\">BRODERSEN, \u00c1lvaro Ramiro<\/span><\/td>\n<td style=\"border-color: #d2d2d2; width: 680px; height: 33px;\"><\/td>\n<\/tr>\n<tr style=\"height: 35px;\">\n<td style=\"border-color: #d2d2d2; width: 80px; height: 33px;\"><span style=\"color: #999999; font-size: 14pt; font-family: 'times new roman', times;\">Suplentes:<\/span><\/td>\n<td style=\"border-color: #d2d2d2; width: 320px; height: 33px;\"><span style=\"font-family: arial, helvetica, sans-serif;\">CAMPOS, Jes\u00fas Gabriel<\/span><\/td>\n<td style=\"border-color: #d2d2d2; width: 680px; height: 33px;\"><\/td>\n<\/tr>\n<\/tbody>\n<\/table>\n<p>Resoluci\u00f3n: <a title=\"RES-FACET-DDA-9750\/2026\" href=\"https:\/\/www.facet.unt.edu.ar\/cic\/wp-content\/uploads\/sites\/25\/2026\/08\/3_10-07-2026_Resolucion_RES_FACET__DDA_9750_2026.pdf\" target=\"_blank\" rel=\"noopener\">RES-FACET-DDA-9750\/2026<\/a> . Desde el 1 de Agosto de 2026 y hasta el d\u00eda 30 de Junio de 2028.<\/p>\n","protected":false},"excerpt":{"rendered":"<p>DIRECTOR DE CARRERA P \u00a0 \u00a0 \u00a0 \u00a0 \u00a0 \u00a0 \u00a0 MOLINA TRIVI\u00d1O, Anal\u00eda amolina@herrera.unt.edu.ar 0 \u00a0 Resoluci\u00f3n: RES-FACET-DDA-9750\/2026 . Desde el 1 de Julio de 2026 y hasta el d\u00eda 30 de Junio de 2028. MIEMBROS DE LA COMISI\u00d3N ACAD\u00c9MICA &nbsp; Profesores Titulares\/Asociados Titulares: ISLA CALDER\u00d3N, Facundo fisla@herrera.unt.edu.ar DAZIANO, Mar\u00eda Alejandra Suplentes: VRECH, Sonia [&hellip;]<\/p>\n","protected":false},"author":20,"featured_media":0,"parent":0,"menu_order":2,"comment_status":"closed","ping_status":"closed","template":"templates\/template-full-notitle.php","meta":[],"_links":{"self":[{"href":"https:\/\/www.facet.unt.edu.ar\/cic\/wp-json\/wp\/v2\/pages\/85"}],"collection":[{"href":"https:\/\/www.facet.unt.edu.ar\/cic\/wp-json\/wp\/v2\/pages"}],"about":[{"href":"https:\/\/www.facet.unt.edu.ar\/cic\/wp-json\/wp\/v2\/types\/page"}],"author":[{"embeddable":true,"href":"https:\/\/www.facet.unt.edu.ar\/cic\/wp-json\/wp\/v2\/users\/20"}],"replies":[{"embeddable":true,"href":"https:\/\/www.facet.unt.edu.ar\/cic\/wp-json\/wp\/v2\/comments?post=85"}],"version-history":[{"count":85,"href":"https:\/\/www.facet.unt.edu.ar\/cic\/wp-json\/wp\/v2\/pages\/85\/revisions"}],"predecessor-version":[{"id":1617,"href":"https:\/\/www.facet.unt.edu.ar\/cic\/wp-json\/wp\/v2\/pages\/85\/revisions\/1617"}],"wp:attachment":[{"href":"https:\/\/www.facet.unt.edu.ar\/cic\/wp-json\/wp\/v2\/media?parent=85"}],"curies":[{"name":"wp","href":"https:\/\/api.w.org\/{rel}","templated":true}]}}