{"id":243,"date":"2015-08-23T05:38:51","date_gmt":"2015-08-23T08:38:51","guid":{"rendered":"https:\/\/www.facet.unt.edu.ar\/dpto-cs-comp\/?page_id=243"},"modified":"2025-06-28T11:42:00","modified_gmt":"2025-06-28T14:42:00","slug":"cv-mruiz","status":"publish","type":"page","link":"https:\/\/www.facet.unt.edu.ar\/dpto-cs-comp\/cv-mruiz\/","title":{"rendered":"Myriam Ruiz"},"content":{"rendered":"<h2><strong>Lic. P.U. Prof. Myriam Noem\u00ed del Valle Ruiz<\/strong><\/h2>\n<p><a href=\"https:\/\/www.facet.unt.edu.ar\/dpto-cs-comp\/wp-content\/uploads\/sites\/29\/2024\/06\/WhatsApp-Image-2024-04-18-at-21.11.01.jpeg\"><img decoding=\"async\" loading=\"lazy\" class=\"wp-image-3705 alignnone\" src=\"https:\/\/www.facet.unt.edu.ar\/dpto-cs-comp\/wp-content\/uploads\/sites\/29\/2024\/06\/WhatsApp-Image-2024-04-18-at-21.11.01.jpeg\" alt=\"\" width=\"270\" height=\"360\" \/><\/a><\/p>\n<h3><strong>Estudios Superiores<\/strong><\/h3>\n<ul>\n<li>Cursando Maestr\u00eda en Electr\u00f3nica. FACET &#8211; UNT. A\u00f1o 2025<\/li>\n<li>Cursando Diplomatura en Docencia Universitaria. FACET &#8211; UNT. A\u00f1o 2025<\/li>\n<li>Diplomatura en Procesos de Comunicaci\u00f3n mediados por Tecnolog\u00eda. Duraci\u00f3n: 140hs &#8211; Aprobado por Res. CD. 0642\/2019 FACET. A\u00f1o 2019.<\/li>\n<li>Diplomatura en Did\u00e1ctica y Curr\u00edculum para Docentes Universitarios. Duraci\u00f3n: 160hs. Trayecto curricular de posgrado acreditado por Res. CD. 1204\/2019 \u2013 Expte. N\u00b0 60.836-2019 FACET. A\u00f1o 2019.<\/li>\n<li>Licenciada en Inform\u00e1tica &#8211; FACET &#8211; UNT. A\u00f1o 2019<\/li>\n<li>Programadora Universitaria &#8211; FACET &#8211; UNT.<\/li>\n<li>Profesora de Matem\u00e1tica y Computaci\u00f3n &#8211; Instituto Nicol\u00e1s Avellaneda. A\u00f1o 2001.<\/li>\n<li>T\u00e9cnica Superior en Gabinete de Computaci\u00f3n &#8211; Instituto Nicol\u00e1s Avellaneda. A\u00f1o 1999.<\/li>\n<\/ul>\n<h3><strong>Docencia<\/strong><\/h3>\n<ul>\n<li>Actualmente Profesora Adjunta a cargo de las materias Laboratorio I (P03) y\u00a0 Laboratorio II (P07)\u00a0 &#8211; Carreras de Lic. en Inform\u00e1tica y Programador Universitario &#8211; FACET &#8211; UNT (desde 2019)<\/li>\n<li>Actualmente Profesora Adjunta de las materia Inform\u00e1tica para CBI (QQB) (desde 2019)<\/li>\n<li>Auxiliar Docente Graduado en las materias Laboratorio I (P03) y\u00a0 Laboratorio II (P07)\u00a0 &#8211; Carreras de Lic. en Inform\u00e1tica y Programador Universitario &#8211; FACET &#8211; UNT (2013 a 2019)<\/li>\n<li>Auxiliar Docente Graduado en las materia Inform\u00e1tica para CBI (QQB)\u00a0 &#8211; FACET &#8211; UNT (2013 a 2019)<\/li>\n<li>Profesora Titular en el Profesorado de Matem\u00e1tica &#8211; Instituto Nicol\u00e1s Avellaneda &#8211; La Rioja 1060 (Desde 2012)<\/li>\n<li>Profesora Titular en el Profesorado de Inform\u00e1tica &#8211; Instituto Nicol\u00e1s Avellaneda &#8211; La Rioja 1060 (Desde 2009)<\/li>\n<li>Auxiliar Docente de 2da Categor\u00eda en Laboratorio I y Laboratorio II &#8211; Carreras de Lic. en Inform\u00e1tica y Programador Universitario &#8211; FACET &#8211; UNT (2004 a 2011)<\/li>\n<\/ul>\n<h3><strong>Investigaci\u00f3n<\/strong><\/h3>\n<ul>\n<li>Big Data aplicado a la Meteorolog\u00eda del Espacio (Space Weather), como miembro del LabCC<\/li>\n<li>Accesibilidad en la Web para personas con discapacidad visual (Parte de las actividades del grupo LIDE-Ar)<\/li>\n<\/ul>\n<h3><strong>Gesti\u00f3n<\/strong><\/h3>\n<ul>\n<li>Miembro de la Comisi\u00f3n de Difusi\u00f3n de las Carreras de Lic. en Inform\u00e1tica, Programador Universitario e Ing. en Inform\u00e1tica (desde 2021).<\/li>\n<li>Miembro de la Comisi\u00f3n de Coordinaci\u00f3n de Parciales del Dpto. de Ciencias de la Computaci\u00f3n (desde 2019).<\/li>\n<li>Miembro titular de la Comisi\u00f3n Acad\u00e9mica de Programador Universitario: Per\u00edodo 2018-2020<\/li>\n<li>Miembro suplente de la Comisi\u00f3n Acad\u00e9mica de Ingenier\u00eda Azucarera: Per\u00edodo 2018-2020<\/li>\n<li>Miembro titular de la Comisi\u00f3n Acad\u00e9mica de Programador Universitario: Per\u00edodo 2016-2018<\/li>\n<li>Jefa de Departamento de Inform\u00e1tica, Instituto Nicol\u00e1s Avellaneda, Nivel Terciario<\/li>\n<li>Integrante de la comisi\u00f3n \u201cExactas para todos\u201d de la carrera Licenciatura en Inform\u00e1tica \u2013 desde Junio 2015.<\/li>\n<\/ul>\n<h3><strong>Extensi\u00f3n<\/strong><\/h3>\n<ul>\n<li>Dise\u00f1o y Mantenimiento del Sitio del Dpto. de Industria Azucarera (desde 2019): <a href=\"https:\/\/www.facet.unt.edu.ar\/azucarera\/\">https:\/\/www.facet.unt.edu.ar\/azucarera\/<\/a><\/li>\n<li>Dise\u00f1o del Sitio web del Instituto de Tecnolog\u00eda Arquitect\u00f3nica &#8211; a\u00f1o 2012<\/li>\n<li>Tutora del Grupo Ganador del concurso que dio lugar a la creaci\u00f3n del nuevo sitio de la Facultad de Psicolog\u00eda, a\u00f1o 2015 (<a href=\"http:\/\/www.psicologia.unt.edu.ar\/\">www.psicologia.unt.edu.ar<\/a>)<\/li>\n<\/ul>\n<h3><strong>Cursos en car\u00e1cter de Asistente<\/strong><\/h3>\n<ul>\n<li>Curso de posgrado: &#8220;Introducci\u00f3n a Redes Neuronales&#8221;. Res. CD-FACET 1790\/2019-Expte. Nro. 60258\/00 FACET (70hs). Aprobado. A\u00f1o 2020.<\/li>\n<li>Did\u00e1ctica de la Programaci\u00f3n (Fundaci\u00f3n Sadosky y Program.Ar). Asistente.<\/li>\n<li>Dise\u00f1o, Organizaci\u00f3n y Evaluaci\u00f3n de videojuegos y gamificaci\u00f3n (Universidad Europea de Madrid). Aprobado con Evaluaci\u00f3n.<\/li>\n<li>&#8220;Programaci\u00f3n Orientada a Objetos con JAVA&#8221;. Con resoluci\u00f3n Ministerial n\u00b0 0802\/5 MEd (72hs. C\u00e1tedra). Aprobado con Evaluaci\u00f3n<\/li>\n<li>Tester de Software (Universidad de La Matanza). Aprobado con Evaluaci\u00f3n.<\/li>\n<li>&#8220;Construyendo una Educaci\u00f3n Inclusiva&#8221;\u00a0 (40 hs c\u00e1tedra). Aprobado con Evaluaci\u00f3n<\/li>\n<li>&#8220;Resoluci\u00f3n Trastorno del Aprendizaje: La Dislexia&#8221; con resoluci\u00f3n ministerial 1420\/5 MEd del Ministerio de Educaci\u00f3n de Tucum\u00e1n (15 hs c\u00e1tedra). Aprobado con Evaluaci\u00f3n<\/li>\n<li>&#8220;Rob\u00f3tica Virtual con Arduino&#8221;\u00a0 con resoluci\u00f3n ministerial 1722\/5 (MEd) &#8211; 0648\/5 (MEd) del 23\/11\/2018 del Ministerio de Educaci\u00f3n de Tucum\u00e1n (60 hs c\u00e1tedra). Aprobado con Evaluaci\u00f3n<\/li>\n<li>&#8220;El abordaje de la Programaci\u00f3n en el aula: entre el pensamiento estructurado y la creatividad&#8221; con resoluci\u00f3n ministerial 1722\/5 (MEd) &#8211; 0648\/5 (MEd) del 23\/11\/2018 del Ministerio de Educaci\u00f3n de Tucum\u00e1n (70 hs c\u00e1tedra). Aprobado con Evaluaci\u00f3n<\/li>\n<li>&#8220;Conociendo una nueva herramienta de Programaci\u00f3n&#8221;. Tem\u00e1tica Python OO con resoluci\u00f3n ministerial 0784\/5 (MEd) del 14\/06\/2018 del Ministerio de Educaci\u00f3n de Tucum\u00e1n (40 hs c\u00e1tedra). Aprobado con Evaluaci\u00f3n<\/li>\n<\/ul>\n","protected":false},"excerpt":{"rendered":"<p>Lic. P.U. Prof. Myriam Noem\u00ed del Valle Ruiz Estudios Superiores Cursando Maestr\u00eda en Electr\u00f3nica. FACET &#8211; UNT. A\u00f1o 2025 Cursando Diplomatura en Docencia Universitaria. FACET &#8211; UNT. A\u00f1o 2025 Diplomatura en Procesos de Comunicaci\u00f3n mediados por Tecnolog\u00eda. Duraci\u00f3n: 140hs &#8211; Aprobado por Res. CD. 0642\/2019 FACET. A\u00f1o 2019. Diplomatura en Did\u00e1ctica y Curr\u00edculum para Docentes [&hellip;]<\/p>\n","protected":false},"author":23,"featured_media":0,"parent":0,"menu_order":0,"comment_status":"closed","ping_status":"closed","template":"","meta":[],"_links":{"self":[{"href":"https:\/\/www.facet.unt.edu.ar\/dpto-cs-comp\/wp-json\/wp\/v2\/pages\/243"}],"collection":[{"href":"https:\/\/www.facet.unt.edu.ar\/dpto-cs-comp\/wp-json\/wp\/v2\/pages"}],"about":[{"href":"https:\/\/www.facet.unt.edu.ar\/dpto-cs-comp\/wp-json\/wp\/v2\/types\/page"}],"author":[{"embeddable":true,"href":"https:\/\/www.facet.unt.edu.ar\/dpto-cs-comp\/wp-json\/wp\/v2\/users\/23"}],"replies":[{"embeddable":true,"href":"https:\/\/www.facet.unt.edu.ar\/dpto-cs-comp\/wp-json\/wp\/v2\/comments?post=243"}],"version-history":[{"count":60,"href":"https:\/\/www.facet.unt.edu.ar\/dpto-cs-comp\/wp-json\/wp\/v2\/pages\/243\/revisions"}],"predecessor-version":[{"id":4229,"href":"https:\/\/www.facet.unt.edu.ar\/dpto-cs-comp\/wp-json\/wp\/v2\/pages\/243\/revisions\/4229"}],"wp:attachment":[{"href":"https:\/\/www.facet.unt.edu.ar\/dpto-cs-comp\/wp-json\/wp\/v2\/media?parent=243"}],"curies":[{"name":"wp","href":"https:\/\/api.w.org\/{rel}","templated":true}]}}