{"id":471,"date":"2016-05-30T15:50:40","date_gmt":"2016-05-30T18:50:40","guid":{"rendered":"https:\/\/www.facet.unt.edu.ar\/dpto-cs-comp\/?page_id=471"},"modified":"2025-06-08T12:06:13","modified_gmt":"2025-06-08T15:06:13","slug":"cv-nauvieux","status":"publish","type":"page","link":"https:\/\/www.facet.unt.edu.ar\/dpto-cs-comp\/cv-nauvieux\/","title":{"rendered":"cv-nauvieux"},"content":{"rendered":"<h2>Lic. Nicol\u00e1s G. Auvieux<\/h2>\n<h4>T\u00edtulo<\/h4>\n<ul>\n<li>Magister en Tecnolog\u00edas para la Comunicaci\u00f3n<\/li>\n<li>Licenciado en Tecnolog\u00eda Educativa<\/li>\n<li>T\u00e9cnico Universitario en Sonorizaci\u00f3n.<\/li>\n<\/ul>\n<h4>Docencia actual<\/h4>\n<p>\u2022 Jefe de Trabajos Pr\u00e1cticos en Tecnolog\u00eda Inform\u00e1tica aplicada en Educaci\u00f3n (TIAE) de la Lic. en Inform\u00e1tica, Fac. de Ciencias Exactas y Tecnolog\u00eda<br \/>\n\u2022 Adjunto en Electr\u00f3nica Aplicada I e Inform\u00e1tica Musical de la Lic. en Dise\u00f1o de Sonido de la Facultad de Artes.<br \/>\nInvestigaci\u00f3n<\/p>\n<p><strong>Docencia anterior<\/strong><\/p>\n<p>\u2022 T\u00e9cnicas de Sonorizaci\u00f3n II de la Tecnicatura Universitaria en Sonorizaci\u00f3n, Fac. de Artes y Comunicaci\u00f3n y Producci\u00f3n Audiovisual de la Lic. en Ciencias de la Comunicaci\u00f3n, Fac. de Filosof\u00eda y Letras.<\/p>\n<h4>Investigaci\u00f3n<\/h4>\n<ul>\n<li>Integrante del Centro de Educaci\u00f3n a Distancia e Investigaci\u00f3n en Tecnolog\u00eda Educativa (CEDITE), FACET, UNT<\/li>\n<li>Integrante del Instituto de Investigaci\u00f3n y Experimentaci\u00f3n en Sonido (IIES), FAUNT, UNT.<\/li>\n<\/ul>\n","protected":false},"excerpt":{"rendered":"<p>Lic. Nicol\u00e1s G. Auvieux T\u00edtulo Magister en Tecnolog\u00edas para la Comunicaci\u00f3n Licenciado en Tecnolog\u00eda Educativa T\u00e9cnico Universitario en Sonorizaci\u00f3n. Docencia actual \u2022 Jefe de Trabajos Pr\u00e1cticos en Tecnolog\u00eda Inform\u00e1tica aplicada en Educaci\u00f3n (TIAE) de la Lic. en Inform\u00e1tica, Fac. de Ciencias Exactas y Tecnolog\u00eda \u2022 Adjunto en Electr\u00f3nica Aplicada I e Inform\u00e1tica Musical de la [&hellip;]<\/p>\n","protected":false},"author":23,"featured_media":0,"parent":0,"menu_order":0,"comment_status":"closed","ping_status":"closed","template":"","meta":[],"_links":{"self":[{"href":"https:\/\/www.facet.unt.edu.ar\/dpto-cs-comp\/wp-json\/wp\/v2\/pages\/471"}],"collection":[{"href":"https:\/\/www.facet.unt.edu.ar\/dpto-cs-comp\/wp-json\/wp\/v2\/pages"}],"about":[{"href":"https:\/\/www.facet.unt.edu.ar\/dpto-cs-comp\/wp-json\/wp\/v2\/types\/page"}],"author":[{"embeddable":true,"href":"https:\/\/www.facet.unt.edu.ar\/dpto-cs-comp\/wp-json\/wp\/v2\/users\/23"}],"replies":[{"embeddable":true,"href":"https:\/\/www.facet.unt.edu.ar\/dpto-cs-comp\/wp-json\/wp\/v2\/comments?post=471"}],"version-history":[{"count":3,"href":"https:\/\/www.facet.unt.edu.ar\/dpto-cs-comp\/wp-json\/wp\/v2\/pages\/471\/revisions"}],"predecessor-version":[{"id":3976,"href":"https:\/\/www.facet.unt.edu.ar\/dpto-cs-comp\/wp-json\/wp\/v2\/pages\/471\/revisions\/3976"}],"wp:attachment":[{"href":"https:\/\/www.facet.unt.edu.ar\/dpto-cs-comp\/wp-json\/wp\/v2\/media?parent=471"}],"curies":[{"name":"wp","href":"https:\/\/api.w.org\/{rel}","templated":true}]}}