{"id":575,"date":"2020-02-27T23:04:30","date_gmt":"2020-02-28T02:04:30","guid":{"rendered":"https:\/\/www.facet.unt.edu.ar\/posgrado\/?page_id=575"},"modified":"2024-02-17T15:21:20","modified_gmt":"2024-02-17T18:21:20","slug":"maestria-en-gestion-de-la-tecnologia-y-la-innovacion","status":"publish","type":"page","link":"https:\/\/www.facet.unt.edu.ar\/posgrado\/maestria-en-gestion-de-la-tecnologia-y-la-innovacion\/","title":{"rendered":"Maestr\u00eda en Gesti\u00f3n de la Tecnolog\u00eda y la Innovaci\u00f3n"},"content":{"rendered":"<div id=\"pl-575\"  class=\"panel-layout\" ><div id=\"pg-575-0\"  class=\"panel-grid panel-no-style\" ><div id=\"pgc-575-0-0\"  class=\"panel-grid-cell panel-grid-cell-mobile-last\" ><div id=\"panel-575-0-0-0\" class=\"so-panel widget widget_sow-editor panel-first-child\" data-index=\"0\" ><div\n\t\t\t\n\t\t\tclass=\"so-widget-sow-editor so-widget-sow-editor-base\"\n\t\t\t\n\t\t>\n<div class=\"siteorigin-widget-tinymce textwidget\">\n\t<p><strong>Director de la carrera<\/strong>: Dr. Ing. Antonio Arci\u00e9naga Morales<br \/>\n<strong>Co-Director de la carrera<\/strong>: Dr. Ing. Julio Rodr\u00edguez Rey<\/p>\n<p><strong>Contacto<\/strong>:<br \/>\nE-mail: <a href=\"mailto:magesti@herrera.unt.edu.ar\" target=\"_blank\" rel=\"noopener\">magesti@herrera.unt.edu.ar<\/a><br \/>\nTel: 3816-408406<\/p>\n<\/div>\n<\/div><\/div><div id=\"panel-575-0-0-1\" class=\"so-panel widget widget_sow-accordion panel-last-child\" data-index=\"1\" ><div\n\t\t\t\n\t\t\tclass=\"so-widget-sow-accordion so-widget-sow-accordion-default-9935e830f65f-575\"\n\t\t\t\n\t\t><div>\n\t<div class=\"sow-accordion\">\n\t\t\t<div class=\"sow-accordion-panel\"\n\t\t\t data-anchor=\"objetivo-general\">\n\t\t\t\t<div class=\"sow-accordion-panel-header-container\" role=\"heading\" aria-level=\"2\">\n\t\t\t\t\t<div class=\"sow-accordion-panel-header\" tabindex=\"0\" role=\"button\" id=\"accordion-label-objetivo-general\" aria-controls=\"accordion-content-objetivo-general\" aria-expanded=\"false\">\n\t\t\t\t\t\t<div class=\"sow-accordion-title sow-accordion-title-icon-left\">\n\t\t\t\t\t\t\t\t\t\t\t\t\t\tObjetivo General\t\t\t\t\t\t\t\t\t\t\t\t\t<\/div>\n\t\t\t\t\t\t<div class=\"sow-accordion-open-close-button\">\n\t\t\t\t\t\t\t<div class=\"sow-accordion-open-button\">\n\t\t\t\t\t\t\t\t<span class=\"sow-icon-ionicons\" data-sow-icon=\"&#xf218;\"\n\t\t \n\t\taria-hidden=\"true\"><\/span>\t\t\t\t\t\t\t<\/div>\n\t\t\t\t\t\t\t<div class=\"sow-accordion-close-button\">\n\t\t\t\t\t\t\t\t<span class=\"sow-icon-ionicons\" data-sow-icon=\"&#xf209;\"\n\t\t \n\t\taria-hidden=\"true\"><\/span>\t\t\t\t\t\t\t<\/div>\n\t\t\t\t\t\t<\/div>\n\t\t\t\t\t<\/div>\n\t\t\t\t<\/div>\n\n\t\t\t<div\n\t\t\t\tclass=\"sow-accordion-panel-content\"\n\t\t\t\trole=\"region\"\n\t\t\t\taria-labelledby=\"accordion-label-objetivo-general\"\n\t\t\t\tid=\"accordion-content-objetivo-general\"\n\t\t\t\tstyle=\"display: none;\"\t\t\t>\n\t\t\t\t<div class=\"sow-accordion-panel-border\" tabindex=\"0\">\n\t\t\t\t\t<p style=\"text-align: justify;\">Formar profesionales con conocimientos y competencias en las \u00e1reas de Gesti\u00f3n de la Tecnolog\u00eda y de Gesti\u00f3n de la Innovaci\u00f3n para contribuir al desarrollo regional, promoviendo la competitividad del aparato productivo, generando un \u00e1mbito acad\u00e9mico para realizar investigaci\u00f3n aplicada a la resoluci\u00f3n de problemas en diversos sectores de la econom\u00eda y otros \u00e1mbitos.<\/p>\n\t\t\t\t<\/div>\n\t\t\t<\/div>\n\t\t<\/div>\n\t\t\t<div class=\"sow-accordion-panel\"\n\t\t\t data-anchor=\"objetivos-espec%c3%adficos\">\n\t\t\t\t<div class=\"sow-accordion-panel-header-container\" role=\"heading\" aria-level=\"2\">\n\t\t\t\t\t<div class=\"sow-accordion-panel-header\" tabindex=\"0\" role=\"button\" id=\"accordion-label-objetivos-espec%c3%adficos\" aria-controls=\"accordion-content-objetivos-espec%c3%adficos\" aria-expanded=\"false\">\n\t\t\t\t\t\t<div class=\"sow-accordion-title sow-accordion-title-icon-left\">\n\t\t\t\t\t\t\t\t\t\t\t\t\t\tObjetivos espec\u00edficos\t\t\t\t\t\t\t\t\t\t\t\t\t<\/div>\n\t\t\t\t\t\t<div class=\"sow-accordion-open-close-button\">\n\t\t\t\t\t\t\t<div class=\"sow-accordion-open-button\">\n\t\t\t\t\t\t\t\t<span class=\"sow-icon-ionicons\" data-sow-icon=\"&#xf218;\"\n\t\t \n\t\taria-hidden=\"true\"><\/span>\t\t\t\t\t\t\t<\/div>\n\t\t\t\t\t\t\t<div class=\"sow-accordion-close-button\">\n\t\t\t\t\t\t\t\t<span class=\"sow-icon-ionicons\" data-sow-icon=\"&#xf209;\"\n\t\t \n\t\taria-hidden=\"true\"><\/span>\t\t\t\t\t\t\t<\/div>\n\t\t\t\t\t\t<\/div>\n\t\t\t\t\t<\/div>\n\t\t\t\t<\/div>\n\n\t\t\t<div\n\t\t\t\tclass=\"sow-accordion-panel-content\"\n\t\t\t\trole=\"region\"\n\t\t\t\taria-labelledby=\"accordion-label-objetivos-espec%c3%adficos\"\n\t\t\t\tid=\"accordion-content-objetivos-espec%c3%adficos\"\n\t\t\t\tstyle=\"display: none;\"\t\t\t>\n\t\t\t\t<div class=\"sow-accordion-panel-border\" tabindex=\"0\">\n\t\t\t\t\t<ul>\n<li style=\"text-align: justify;\">Formar recursos humanos competentes en la gesti\u00f3n de la tecnolog\u00eda en entornos industriales, de servicios, comerciales e institucionales.<\/li>\n<li style=\"text-align: justify;\">Formar profesionales creativos, con capacidad de conformar e integrar equipos de trabajo capaces de dise\u00f1ar sistemas tecnol\u00f3gicos innovadores.<\/li>\n<li style=\"text-align: justify;\">Formar profesionales capaces de innovar en los procesos empresariales e institucionales, orient\u00e1ndose al agregado de valor.<\/li>\n<li style=\"text-align: justify;\">Formar profesionales competentes en la resoluci\u00f3n de problemas mediante el uso intensivo del conocimiento y la tecnolog\u00eda.<\/li>\n<\/ul>\n\t\t\t\t<\/div>\n\t\t\t<\/div>\n\t\t<\/div>\n\t\t\t<div class=\"sow-accordion-panel\"\n\t\t\t data-anchor=\"perfil-del-egresado\">\n\t\t\t\t<div class=\"sow-accordion-panel-header-container\" role=\"heading\" aria-level=\"2\">\n\t\t\t\t\t<div class=\"sow-accordion-panel-header\" tabindex=\"0\" role=\"button\" id=\"accordion-label-perfil-del-egresado\" aria-controls=\"accordion-content-perfil-del-egresado\" aria-expanded=\"false\">\n\t\t\t\t\t\t<div class=\"sow-accordion-title sow-accordion-title-icon-left\">\n\t\t\t\t\t\t\t\t\t\t\t\t\t\tPerfil del egresado\t\t\t\t\t\t\t\t\t\t\t\t\t<\/div>\n\t\t\t\t\t\t<div class=\"sow-accordion-open-close-button\">\n\t\t\t\t\t\t\t<div class=\"sow-accordion-open-button\">\n\t\t\t\t\t\t\t\t<span class=\"sow-icon-ionicons\" data-sow-icon=\"&#xf218;\"\n\t\t \n\t\taria-hidden=\"true\"><\/span>\t\t\t\t\t\t\t<\/div>\n\t\t\t\t\t\t\t<div class=\"sow-accordion-close-button\">\n\t\t\t\t\t\t\t\t<span class=\"sow-icon-ionicons\" data-sow-icon=\"&#xf209;\"\n\t\t \n\t\taria-hidden=\"true\"><\/span>\t\t\t\t\t\t\t<\/div>\n\t\t\t\t\t\t<\/div>\n\t\t\t\t\t<\/div>\n\t\t\t\t<\/div>\n\n\t\t\t<div\n\t\t\t\tclass=\"sow-accordion-panel-content\"\n\t\t\t\trole=\"region\"\n\t\t\t\taria-labelledby=\"accordion-label-perfil-del-egresado\"\n\t\t\t\tid=\"accordion-content-perfil-del-egresado\"\n\t\t\t\tstyle=\"display: none;\"\t\t\t>\n\t\t\t\t<div class=\"sow-accordion-panel-border\" tabindex=\"0\">\n\t\t\t\t\t<p style=\"text-align: justify;\">El Mag\u00edster en Gesti\u00f3n de la Tecnolog\u00eda y la Innovaci\u00f3n es un profesional que re\u00fane las siguientes caracter\u00edsticas:<\/p>\n<ul>\n<li style=\"text-align: justify;\">Compromiso \u00e9tico y moral con su ambiente laboral y los dem\u00e1s actores involucrados.<\/li>\n<li style=\"text-align: justify;\">Cuestionador y buscador constante de mejoras en la eficiencia y en la competitividad de las organizaciones.<\/li>\n<li style=\"text-align: justify;\">S\u00f3lido en la gesti\u00f3n de la tecnolog\u00eda, conocedor de sus ciclos y sus potenciales, a la vez que financieramente capaz de seleccionar las alternativas m\u00e1s convenientes.<\/li>\n<li style=\"text-align: justify;\">S\u00f3lido en la Gesti\u00f3n de la Innovaci\u00f3n, capaz de dirigir proyectos de innovaci\u00f3n de productos desde su concepci\u00f3n hasta la salida al mercado de sus resultados; y de procesos hasta que los mismos alcancen la eficiencia, as\u00ed como de cambios organizacionales que representen un salto cualitativo y cuantitativo hacia adelante de la organizaci\u00f3n.<\/li>\n<li style=\"text-align: justify;\">Capaz de trabajar en equipo, gestionar y hacer crecer grupos de trabajo de elevado desempe\u00f1o.<\/li>\n<li style=\"text-align: justify;\">Pensador sist\u00e9mico, que dimensiona los problemas de manera hol\u00edstica e integrados al entorno.<\/li>\n<li style=\"text-align: justify;\">Conocedor de las metodolog\u00edas de gesti\u00f3n de la tecnolog\u00eda y de la Innovaci\u00f3n, capaz de aplicarlas en su ambiente laboral.<\/li>\n<li style=\"text-align: justify;\">Consciente de sus limitaciones y las de su organizaci\u00f3n, siendo capaz de traspasar las fronteras en busca de respuestas eficaces e innovadoras a sus problemas.<\/li>\n<\/ul>\n\t\t\t\t<\/div>\n\t\t\t<\/div>\n\t\t<\/div>\n\t\t\t<div class=\"sow-accordion-panel\"\n\t\t\t data-anchor=\"condiciones-de-admisi%c3%b3n\">\n\t\t\t\t<div class=\"sow-accordion-panel-header-container\" role=\"heading\" aria-level=\"2\">\n\t\t\t\t\t<div class=\"sow-accordion-panel-header\" tabindex=\"0\" role=\"button\" id=\"accordion-label-condiciones-de-admisi%c3%b3n\" aria-controls=\"accordion-content-condiciones-de-admisi%c3%b3n\" aria-expanded=\"false\">\n\t\t\t\t\t\t<div class=\"sow-accordion-title sow-accordion-title-icon-left\">\n\t\t\t\t\t\t\t\t\t\t\t\t\t\tCondiciones de admisi\u00f3n\t\t\t\t\t\t\t\t\t\t\t\t\t<\/div>\n\t\t\t\t\t\t<div class=\"sow-accordion-open-close-button\">\n\t\t\t\t\t\t\t<div class=\"sow-accordion-open-button\">\n\t\t\t\t\t\t\t\t<span class=\"sow-icon-ionicons\" data-sow-icon=\"&#xf218;\"\n\t\t \n\t\taria-hidden=\"true\"><\/span>\t\t\t\t\t\t\t<\/div>\n\t\t\t\t\t\t\t<div class=\"sow-accordion-close-button\">\n\t\t\t\t\t\t\t\t<span class=\"sow-icon-ionicons\" data-sow-icon=\"&#xf209;\"\n\t\t \n\t\taria-hidden=\"true\"><\/span>\t\t\t\t\t\t\t<\/div>\n\t\t\t\t\t\t<\/div>\n\t\t\t\t\t<\/div>\n\t\t\t\t<\/div>\n\n\t\t\t<div\n\t\t\t\tclass=\"sow-accordion-panel-content\"\n\t\t\t\trole=\"region\"\n\t\t\t\taria-labelledby=\"accordion-label-condiciones-de-admisi%c3%b3n\"\n\t\t\t\tid=\"accordion-content-condiciones-de-admisi%c3%b3n\"\n\t\t\t\tstyle=\"display: none;\"\t\t\t>\n\t\t\t\t<div class=\"sow-accordion-panel-border\" tabindex=\"0\">\n\t\t\t\t\t<p style=\"text-align: justify;\">El proceso de admisi\u00f3n integrar\u00e1 la necesidad de completar una serie de formularios electr\u00f3nicos, que incluyan el cv del postulante y los objetivos\u00a0 personales y profesionales que lo llevan a realizar la maestr\u00eda, as\u00ed como una entrevista con las autoridades de la misma para poder reconocer las oportunidades que se generan tanto para el postulante como para la universidad.<\/p>\n\t\t\t\t<\/div>\n\t\t\t<\/div>\n\t\t<\/div>\n\t\t\t<div class=\"sow-accordion-panel\"\n\t\t\t data-anchor=\"podr%c3%a1n-postularse-en-la-carrera-profesionales-de\">\n\t\t\t\t<div class=\"sow-accordion-panel-header-container\" role=\"heading\" aria-level=\"2\">\n\t\t\t\t\t<div class=\"sow-accordion-panel-header\" tabindex=\"0\" role=\"button\" id=\"accordion-label-podr%c3%a1n-postularse-en-la-carrera-profesionales-de\" aria-controls=\"accordion-content-podr%c3%a1n-postularse-en-la-carrera-profesionales-de\" aria-expanded=\"false\">\n\t\t\t\t\t\t<div class=\"sow-accordion-title sow-accordion-title-icon-left\">\n\t\t\t\t\t\t\t\t\t\t\t\t\t\tPodr\u00e1n postularse en la carrera profesionales de:\t\t\t\t\t\t\t\t\t\t\t\t\t<\/div>\n\t\t\t\t\t\t<div class=\"sow-accordion-open-close-button\">\n\t\t\t\t\t\t\t<div class=\"sow-accordion-open-button\">\n\t\t\t\t\t\t\t\t<span class=\"sow-icon-ionicons\" data-sow-icon=\"&#xf218;\"\n\t\t \n\t\taria-hidden=\"true\"><\/span>\t\t\t\t\t\t\t<\/div>\n\t\t\t\t\t\t\t<div class=\"sow-accordion-close-button\">\n\t\t\t\t\t\t\t\t<span class=\"sow-icon-ionicons\" data-sow-icon=\"&#xf209;\"\n\t\t \n\t\taria-hidden=\"true\"><\/span>\t\t\t\t\t\t\t<\/div>\n\t\t\t\t\t\t<\/div>\n\t\t\t\t\t<\/div>\n\t\t\t\t<\/div>\n\n\t\t\t<div\n\t\t\t\tclass=\"sow-accordion-panel-content\"\n\t\t\t\trole=\"region\"\n\t\t\t\taria-labelledby=\"accordion-label-podr%c3%a1n-postularse-en-la-carrera-profesionales-de\"\n\t\t\t\tid=\"accordion-content-podr%c3%a1n-postularse-en-la-carrera-profesionales-de\"\n\t\t\t\tstyle=\"display: none;\"\t\t\t>\n\t\t\t\t<div class=\"sow-accordion-panel-border\" tabindex=\"0\">\n\t\t\t\t\t<ul>\n<li style=\"text-align: justify;\">Graduados de carreras de Ingenier\u00eda<\/li>\n<li style=\"text-align: justify;\">Graduados de Licenciaturas en \u00e1reas tecnol\u00f3gicas de al menos 4 a\u00f1os de duraci\u00f3n.<\/li>\n<li style=\"text-align: justify;\">Graduados de otras Carreras que de acuerdo a la evaluaci\u00f3n del CAIM resulten pertinentes.<\/li>\n<\/ul>\n<p style=\"text-align: justify;\">Considerando los variados perfiles de postulantes, la maestr\u00eda contempla una serie de cursos de nivelaci\u00f3n inicial, que no aportan cr\u00e9ditos, pero deber\u00e1n ser realizados por todos los alumnos cuyas carreras de origen no posean estos conocimientos. De esta forma se garantiza que el nivel acad\u00e9mico y profesional exigible de cada cohorte va a ser superior al que se lograr\u00eda sin la nivelaci\u00f3n.<\/p>\n\t\t\t\t<\/div>\n\t\t\t<\/div>\n\t\t<\/div>\n\t\t\t<div class=\"sow-accordion-panel\"\n\t\t\t data-anchor=\"resoluciones\">\n\t\t\t\t<div class=\"sow-accordion-panel-header-container\" role=\"heading\" aria-level=\"2\">\n\t\t\t\t\t<div class=\"sow-accordion-panel-header\" tabindex=\"0\" role=\"button\" id=\"accordion-label-resoluciones\" aria-controls=\"accordion-content-resoluciones\" aria-expanded=\"false\">\n\t\t\t\t\t\t<div class=\"sow-accordion-title sow-accordion-title-icon-left\">\n\t\t\t\t\t\t\t\t\t\t\t\t\t\tResoluciones\t\t\t\t\t\t\t\t\t\t\t\t\t<\/div>\n\t\t\t\t\t\t<div class=\"sow-accordion-open-close-button\">\n\t\t\t\t\t\t\t<div class=\"sow-accordion-open-button\">\n\t\t\t\t\t\t\t\t<span class=\"sow-icon-ionicons\" data-sow-icon=\"&#xf218;\"\n\t\t \n\t\taria-hidden=\"true\"><\/span>\t\t\t\t\t\t\t<\/div>\n\t\t\t\t\t\t\t<div class=\"sow-accordion-close-button\">\n\t\t\t\t\t\t\t\t<span class=\"sow-icon-ionicons\" data-sow-icon=\"&#xf209;\"\n\t\t \n\t\taria-hidden=\"true\"><\/span>\t\t\t\t\t\t\t<\/div>\n\t\t\t\t\t\t<\/div>\n\t\t\t\t\t<\/div>\n\t\t\t\t<\/div>\n\n\t\t\t<div\n\t\t\t\tclass=\"sow-accordion-panel-content\"\n\t\t\t\trole=\"region\"\n\t\t\t\taria-labelledby=\"accordion-label-resoluciones\"\n\t\t\t\tid=\"accordion-content-resoluciones\"\n\t\t\t\tstyle=\"display: none;\"\t\t\t>\n\t\t\t\t<div class=\"sow-accordion-panel-border\" tabindex=\"0\">\n\t\t\t\t\t<ul>\n<li><a href=\"https:\/\/www.facet.unt.edu.ar\/posgrado\/wp-content\/uploads\/sites\/54\/2023\/04\/Res-HCS-0508-2020-nueva-version-carrera-MAGESTI.pdf\">Res HCS 0508-2020 nueva version carrera MAGESTI<\/a><\/li>\n<li><a href=\"https:\/\/www.facet.unt.edu.ar\/posgrado\/wp-content\/uploads\/sites\/54\/2023\/04\/RES-2186-21-MAG-EN-GESTION-DE-LA-TECNOLOGIA-Y-LA-INNOVACION.pdf\">RES 2186-21 MAG EN GESTI\u00d3N DE LA TECNOLOG\u00cdA Y LA INNOVACI\u00d3N<\/a><\/li>\n<li><a href=\"https:\/\/www.facet.unt.edu.ar\/posgrado\/wp-content\/uploads\/sites\/54\/2023\/04\/IF-2019-113410398-APN-CONEAUMECCYT-dictamen-favorable.pdf\">IF-2019-113410398-APN-CONEAU#MECCYT dictamen favorable<\/a><\/li>\n<\/ul>\n\t\t\t\t<\/div>\n\t\t\t<\/div>\n\t\t<\/div>\n\t\t<\/div>\n<\/div>\n<\/div><\/div><\/div><div id=\"pgc-575-0-1\"  class=\"panel-grid-cell panel-grid-cell-empty\" ><\/div><\/div><\/div>","protected":false},"excerpt":{"rendered":"<p>Director de la carrera: Dr. Ing. Antonio Arci\u00e9naga Morales Co-Director de la carrera: Dr. Ing. Julio Rodr\u00edguez Rey Contacto: E-mail: magesti@herrera.unt.edu.ar Tel: 3816-408406<\/p>\n","protected":false},"author":101054,"featured_media":0,"parent":0,"menu_order":0,"comment_status":"closed","ping_status":"closed","template":"","meta":[],"_links":{"self":[{"href":"https:\/\/www.facet.unt.edu.ar\/posgrado\/wp-json\/wp\/v2\/pages\/575"}],"collection":[{"href":"https:\/\/www.facet.unt.edu.ar\/posgrado\/wp-json\/wp\/v2\/pages"}],"about":[{"href":"https:\/\/www.facet.unt.edu.ar\/posgrado\/wp-json\/wp\/v2\/types\/page"}],"author":[{"embeddable":true,"href":"https:\/\/www.facet.unt.edu.ar\/posgrado\/wp-json\/wp\/v2\/users\/101054"}],"replies":[{"embeddable":true,"href":"https:\/\/www.facet.unt.edu.ar\/posgrado\/wp-json\/wp\/v2\/comments?post=575"}],"version-history":[{"count":13,"href":"https:\/\/www.facet.unt.edu.ar\/posgrado\/wp-json\/wp\/v2\/pages\/575\/revisions"}],"predecessor-version":[{"id":1409,"href":"https:\/\/www.facet.unt.edu.ar\/posgrado\/wp-json\/wp\/v2\/pages\/575\/revisions\/1409"}],"wp:attachment":[{"href":"https:\/\/www.facet.unt.edu.ar\/posgrado\/wp-json\/wp\/v2\/media?parent=575"}],"curies":[{"name":"wp","href":"https:\/\/api.w.org\/{rel}","templated":true}]}}