{"id":922,"date":"2022-09-20T19:28:36","date_gmt":"2022-09-20T22:28:36","guid":{"rendered":"https:\/\/www.facet.unt.edu.ar\/posgrado\/?page_id=922"},"modified":"2023-12-15T10:38:20","modified_gmt":"2023-12-15T13:38:20","slug":"maestria-en-ingenieria-geotecnica","status":"publish","type":"page","link":"https:\/\/www.facet.unt.edu.ar\/posgrado\/maestria-en-ingenieria-geotecnica\/","title":{"rendered":"Maestr\u00eda en Ingenier\u00eda Geot\u00e9cnica"},"content":{"rendered":"<div id=\"pl-922\"  class=\"panel-layout\" ><div id=\"pg-922-0\"  class=\"panel-grid panel-no-style\" ><div id=\"pgc-922-0-0\"  class=\"panel-grid-cell\" ><div id=\"panel-922-0-0-0\" class=\"so-panel widget widget_sow-editor panel-first-child\" data-index=\"0\" ><div\n\t\t\t\n\t\t\tclass=\"so-widget-sow-editor so-widget-sow-editor-base\"\n\t\t\t\n\t\t>\n<div class=\"siteorigin-widget-tinymce textwidget\">\n\t<p style=\"text-align: justify;\">La Maestr\u00eda en Ingenier\u00eda Geot\u00e9cnica de la Universidad Nacional de Tucum\u00e1n (UNT) se enmarca en un Programa de Doble Titulaci\u00f3n con la Technische Universit\u00e4t M\u00fcnchen (TUM).<\/p>\n<p style=\"text-align: justify;\">El objetivo de la Carrera es formar egresados altamente capacitados en el \u00e1mbito de la Ingenier\u00eda Geot\u00e9cnica, rama de la Ingenier\u00eda Civil donde la demanda de conocimientos y experiencias superan ampliamente a las ofertas. Esta situaci\u00f3n afecta a actividades tan diversas como la industria de la construcci\u00f3n, la miner\u00eda o el cuidado del medioambiente. La Carrera procura atender este desbalance dotando a los egresados de s\u00f3lidos conocimientos te\u00f3ricos que les permitan abordar la resoluci\u00f3n de problemas aplicados en los \u00e1mbitos m\u00e1s diversos de la especialidad. Se pretende que los egresados desarrollen competencias para desempe\u00f1arse en docencia, investigaci\u00f3n o equipos de consultor\u00eda orientados a distintos campos t\u00e9cnicos que comprendan los procesos de estudio, dise\u00f1o, ejecuci\u00f3n y explotaci\u00f3n de proyectos de infraestructura y ambientales.<\/p>\n<p style=\"text-align: justify;\">Los profesionales formados en el marco del Programa de Doble Titulaci\u00f3n contar\u00e1n con habilidad para desempe\u00f1arse en el \u00e1mbito nacional e internacional y con formaci\u00f3n t\u00e9cnica y competencia social para integrar equipos que intervengan en la soluci\u00f3n de problemas complejos o actuar en cargos de responsabilidad directiva en organismos p\u00fablicos o empresas privadas.<\/p>\n<p style=\"text-align: justify;\">El Programa de Doble Titulaci\u00f3n cuenta con la financiaci\u00f3n del Centro Universitario Argentino-Alem\u00e1n (CUAA\/DAHZ) y la Secretar\u00eda de Pol\u00edticas Universitarias (SPU) del Ministerio de Educaci\u00f3n.<\/p>\n<p style=\"text-align: justify;\"><u>Director Acad\u00e9mico:<\/u> <strong>Dr. Ing. Abel JACINTO<\/strong><\/p>\n<p style=\"text-align: justify;\"><u>Comit\u00e9 Acad\u00e9mico:<\/u> <strong>Dr. Ing. Roberto CUDMANI<\/strong>, <strong>Dra. Geol. Liliana ABASCAL <\/strong>y\u00a0<strong>Dra. Ing. Alejandra DAZIANO<\/strong><\/p>\n<\/div>\n<\/div><\/div><div id=\"panel-922-0-0-1\" class=\"so-panel widget widget_sow-accordion\" data-index=\"1\" ><div\n\t\t\t\n\t\t\tclass=\"so-widget-sow-accordion so-widget-sow-accordion-default-9935e830f65f-922\"\n\t\t\t\n\t\t><div>\n\t<div class=\"sow-accordion\">\n\t\t\t<div class=\"sow-accordion-panel\"\n\t\t\t data-anchor=\"organizaci%c3%b3n\">\n\t\t\t\t<div class=\"sow-accordion-panel-header-container\" role=\"heading\" aria-level=\"2\">\n\t\t\t\t\t<div class=\"sow-accordion-panel-header\" tabindex=\"0\" role=\"button\" id=\"accordion-label-organizaci%c3%b3n\" aria-controls=\"accordion-content-organizaci%c3%b3n\" aria-expanded=\"false\">\n\t\t\t\t\t\t<div class=\"sow-accordion-title sow-accordion-title-icon-left\">\n\t\t\t\t\t\t\t\t\t\t\t\t\t\tOrganizaci\u00f3n\t\t\t\t\t\t\t\t\t\t\t\t\t<\/div>\n\t\t\t\t\t\t<div class=\"sow-accordion-open-close-button\">\n\t\t\t\t\t\t\t<div class=\"sow-accordion-open-button\">\n\t\t\t\t\t\t\t\t<span class=\"sow-icon-ionicons\" data-sow-icon=\"&#xf218;\"\n\t\t \n\t\taria-hidden=\"true\"><\/span>\t\t\t\t\t\t\t<\/div>\n\t\t\t\t\t\t\t<div class=\"sow-accordion-close-button\">\n\t\t\t\t\t\t\t\t<span class=\"sow-icon-ionicons\" data-sow-icon=\"&#xf209;\"\n\t\t \n\t\taria-hidden=\"true\"><\/span>\t\t\t\t\t\t\t<\/div>\n\t\t\t\t\t\t<\/div>\n\t\t\t\t\t<\/div>\n\t\t\t\t<\/div>\n\n\t\t\t<div\n\t\t\t\tclass=\"sow-accordion-panel-content\"\n\t\t\t\trole=\"region\"\n\t\t\t\taria-labelledby=\"accordion-label-organizaci%c3%b3n\"\n\t\t\t\tid=\"accordion-content-organizaci%c3%b3n\"\n\t\t\t\tstyle=\"display: none;\"\t\t\t>\n\t\t\t\t<div class=\"sow-accordion-panel-border\" tabindex=\"0\">\n\t\t\t\t\t<p style=\"text-align: justify;\">La Carrera es semiestructurada y la modalidad de dictado es presencial (UNT - TUM). Tiene una duraci\u00f3n total de 4 semestres distribuidos de la siguiente forma: 3 semestres se destinan al cursado de las asignaturas y 1 semestre se emplea para el desarrollo de la Tesis de Maestr\u00eda.<\/p>\n<p style=\"text-align: justify;\">Los estudiantes de UNT que participan del Programa de Doble Titulaci\u00f3n cursan el primer y tercer semestre en su universidad de origen, y el segundo semestre en TUM.<\/p>\n\t\t\t\t<\/div>\n\t\t\t<\/div>\n\t\t<\/div>\n\t\t\t<div class=\"sow-accordion-panel\"\n\t\t\t data-anchor=\"destinatarios\">\n\t\t\t\t<div class=\"sow-accordion-panel-header-container\" role=\"heading\" aria-level=\"2\">\n\t\t\t\t\t<div class=\"sow-accordion-panel-header\" tabindex=\"0\" role=\"button\" id=\"accordion-label-destinatarios\" aria-controls=\"accordion-content-destinatarios\" aria-expanded=\"false\">\n\t\t\t\t\t\t<div class=\"sow-accordion-title sow-accordion-title-icon-left\">\n\t\t\t\t\t\t\t\t\t\t\t\t\t\tDestinatarios\t\t\t\t\t\t\t\t\t\t\t\t\t<\/div>\n\t\t\t\t\t\t<div class=\"sow-accordion-open-close-button\">\n\t\t\t\t\t\t\t<div class=\"sow-accordion-open-button\">\n\t\t\t\t\t\t\t\t<span class=\"sow-icon-ionicons\" data-sow-icon=\"&#xf218;\"\n\t\t \n\t\taria-hidden=\"true\"><\/span>\t\t\t\t\t\t\t<\/div>\n\t\t\t\t\t\t\t<div class=\"sow-accordion-close-button\">\n\t\t\t\t\t\t\t\t<span class=\"sow-icon-ionicons\" data-sow-icon=\"&#xf209;\"\n\t\t \n\t\taria-hidden=\"true\"><\/span>\t\t\t\t\t\t\t<\/div>\n\t\t\t\t\t\t<\/div>\n\t\t\t\t\t<\/div>\n\t\t\t\t<\/div>\n\n\t\t\t<div\n\t\t\t\tclass=\"sow-accordion-panel-content\"\n\t\t\t\trole=\"region\"\n\t\t\t\taria-labelledby=\"accordion-label-destinatarios\"\n\t\t\t\tid=\"accordion-content-destinatarios\"\n\t\t\t\tstyle=\"display: none;\"\t\t\t>\n\t\t\t\t<div class=\"sow-accordion-panel-border\" tabindex=\"0\">\n\t\t\t\t\t<p style=\"text-align: justify;\">La Carrera est\u00e1 destinada a graduados universitarios en carreras de grado acreditadas por la CONEAU (o equivalente) y con reconocimiento oficial por parte del Ministerio de Educaci\u00f3n con un plan de estudios no menor a 4 a\u00f1os, de algunas de las siguientes titulaciones, preferentemente: Ingenier\u00eda Civil, Ingenier\u00eda Hidr\u00e1ulica, Ingenier\u00eda en V\u00edas de Comunicaci\u00f3n, Ingenier\u00eda de Minas, Ingenier\u00eda en Construcciones. Aspirantes con t\u00edtulo de Licenciado en Geolog\u00eda, Licenciado en Matem\u00e1tica, Licenciado en F\u00edsica o Qu\u00edmica, podr\u00e1n ser admitidos previo an\u00e1lisis del Comit\u00e9 Acad\u00e9mico.<\/p>\n\t\t\t\t<\/div>\n\t\t\t<\/div>\n\t\t<\/div>\n\t\t\t<div class=\"sow-accordion-panel\"\n\t\t\t data-anchor=\"grado-acad%c3%a9mico\">\n\t\t\t\t<div class=\"sow-accordion-panel-header-container\" role=\"heading\" aria-level=\"2\">\n\t\t\t\t\t<div class=\"sow-accordion-panel-header\" tabindex=\"0\" role=\"button\" id=\"accordion-label-grado-acad%c3%a9mico\" aria-controls=\"accordion-content-grado-acad%c3%a9mico\" aria-expanded=\"false\">\n\t\t\t\t\t\t<div class=\"sow-accordion-title sow-accordion-title-icon-left\">\n\t\t\t\t\t\t\t\t\t\t\t\t\t\tGrado Acad\u00e9mico\t\t\t\t\t\t\t\t\t\t\t\t\t<\/div>\n\t\t\t\t\t\t<div class=\"sow-accordion-open-close-button\">\n\t\t\t\t\t\t\t<div class=\"sow-accordion-open-button\">\n\t\t\t\t\t\t\t\t<span class=\"sow-icon-ionicons\" data-sow-icon=\"&#xf218;\"\n\t\t \n\t\taria-hidden=\"true\"><\/span>\t\t\t\t\t\t\t<\/div>\n\t\t\t\t\t\t\t<div class=\"sow-accordion-close-button\">\n\t\t\t\t\t\t\t\t<span class=\"sow-icon-ionicons\" data-sow-icon=\"&#xf209;\"\n\t\t \n\t\taria-hidden=\"true\"><\/span>\t\t\t\t\t\t\t<\/div>\n\t\t\t\t\t\t<\/div>\n\t\t\t\t\t<\/div>\n\t\t\t\t<\/div>\n\n\t\t\t<div\n\t\t\t\tclass=\"sow-accordion-panel-content\"\n\t\t\t\trole=\"region\"\n\t\t\t\taria-labelledby=\"accordion-label-grado-acad%c3%a9mico\"\n\t\t\t\tid=\"accordion-content-grado-acad%c3%a9mico\"\n\t\t\t\tstyle=\"display: none;\"\t\t\t>\n\t\t\t\t<div class=\"sow-accordion-panel-border\" tabindex=\"0\">\n\t\t\t\t\t<p style=\"text-align: justify;\">Superar el plan de estudios del Programa de Doble Titulaci\u00f3n permitir\u00e1 al estudiante obtener los siguientes t\u00edtulos:<\/p>\n<ul>\n<li style=\"text-align: justify;\">Magister en Ingenier\u00eda Geot\u00e9cnica por la Universidad Nacional de Tucum\u00e1n;<\/li>\n<li style=\"text-align: justify;\">Master of Science por la Technische Universit\u00e4t M\u00fcnchen.<\/li>\n<\/ul>\n\t\t\t\t<\/div>\n\t\t\t<\/div>\n\t\t<\/div>\n\t\t\t<div class=\"sow-accordion-panel\"\n\t\t\t data-anchor=\"perfil-del-egresado\">\n\t\t\t\t<div class=\"sow-accordion-panel-header-container\" role=\"heading\" aria-level=\"2\">\n\t\t\t\t\t<div class=\"sow-accordion-panel-header\" tabindex=\"0\" role=\"button\" id=\"accordion-label-perfil-del-egresado\" aria-controls=\"accordion-content-perfil-del-egresado\" aria-expanded=\"false\">\n\t\t\t\t\t\t<div class=\"sow-accordion-title sow-accordion-title-icon-left\">\n\t\t\t\t\t\t\t\t\t\t\t\t\t\tPerfil del Egresado\t\t\t\t\t\t\t\t\t\t\t\t\t<\/div>\n\t\t\t\t\t\t<div class=\"sow-accordion-open-close-button\">\n\t\t\t\t\t\t\t<div class=\"sow-accordion-open-button\">\n\t\t\t\t\t\t\t\t<span class=\"sow-icon-ionicons\" data-sow-icon=\"&#xf218;\"\n\t\t \n\t\taria-hidden=\"true\"><\/span>\t\t\t\t\t\t\t<\/div>\n\t\t\t\t\t\t\t<div class=\"sow-accordion-close-button\">\n\t\t\t\t\t\t\t\t<span class=\"sow-icon-ionicons\" data-sow-icon=\"&#xf209;\"\n\t\t \n\t\taria-hidden=\"true\"><\/span>\t\t\t\t\t\t\t<\/div>\n\t\t\t\t\t\t<\/div>\n\t\t\t\t\t<\/div>\n\t\t\t\t<\/div>\n\n\t\t\t<div\n\t\t\t\tclass=\"sow-accordion-panel-content\"\n\t\t\t\trole=\"region\"\n\t\t\t\taria-labelledby=\"accordion-label-perfil-del-egresado\"\n\t\t\t\tid=\"accordion-content-perfil-del-egresado\"\n\t\t\t\tstyle=\"display: none;\"\t\t\t>\n\t\t\t\t<div class=\"sow-accordion-panel-border\" tabindex=\"0\">\n\t\t\t\t\t<p style=\"text-align: justify;\">Esta carrera de posgrado formar\u00e1 al estudiante a trav\u00e9s de cursos que comprenden disciplinas t\u00edpicas del \u00e1rea y mediante la elaboraci\u00f3n de un trabajo de tesis que le permitir\u00e1 profundizar en temas afines aplicando metodolog\u00edas de investigaci\u00f3n y generaci\u00f3n del conocimiento.<\/p>\n<p style=\"text-align: justify;\">La Maestr\u00eda en Ingenier\u00eda Geot\u00e9cnica avanzar\u00e1 en la profundizaci\u00f3n y fundamentaci\u00f3n de aquellos conocimientos b\u00e1sicos impartidos a los profesionales en la carrera de grado, as\u00ed como en la presentaci\u00f3n de nuevas tecnolog\u00edas y metodolog\u00edas aplicables a problemas de la pr\u00e1ctica.<\/p>\n\t\t\t\t<\/div>\n\t\t\t<\/div>\n\t\t<\/div>\n\t\t\t<div class=\"sow-accordion-panel\"\n\t\t\t data-anchor=\"becas\">\n\t\t\t\t<div class=\"sow-accordion-panel-header-container\" role=\"heading\" aria-level=\"2\">\n\t\t\t\t\t<div class=\"sow-accordion-panel-header\" tabindex=\"0\" role=\"button\" id=\"accordion-label-becas\" aria-controls=\"accordion-content-becas\" aria-expanded=\"false\">\n\t\t\t\t\t\t<div class=\"sow-accordion-title sow-accordion-title-icon-left\">\n\t\t\t\t\t\t\t\t\t\t\t\t\t\tBecas\t\t\t\t\t\t\t\t\t\t\t\t\t<\/div>\n\t\t\t\t\t\t<div class=\"sow-accordion-open-close-button\">\n\t\t\t\t\t\t\t<div class=\"sow-accordion-open-button\">\n\t\t\t\t\t\t\t\t<span class=\"sow-icon-ionicons\" data-sow-icon=\"&#xf218;\"\n\t\t \n\t\taria-hidden=\"true\"><\/span>\t\t\t\t\t\t\t<\/div>\n\t\t\t\t\t\t\t<div class=\"sow-accordion-close-button\">\n\t\t\t\t\t\t\t\t<span class=\"sow-icon-ionicons\" data-sow-icon=\"&#xf209;\"\n\t\t \n\t\taria-hidden=\"true\"><\/span>\t\t\t\t\t\t\t<\/div>\n\t\t\t\t\t\t<\/div>\n\t\t\t\t\t<\/div>\n\t\t\t\t<\/div>\n\n\t\t\t<div\n\t\t\t\tclass=\"sow-accordion-panel-content\"\n\t\t\t\trole=\"region\"\n\t\t\t\taria-labelledby=\"accordion-label-becas\"\n\t\t\t\tid=\"accordion-content-becas\"\n\t\t\t\tstyle=\"display: none;\"\t\t\t>\n\t\t\t\t<div class=\"sow-accordion-panel-border\" tabindex=\"0\">\n\t\t\t\t\t<p style=\"text-align: justify;\">Se otorgar\u00e1 una cantidad limitada de becas para estudiantes de UNT admitidos al Programa de Doble Titulaci\u00f3n. La modalidad de financiamiento es directa e incluye pasajes, mensualidad y seguro de salud durante el tiempo de cursado en TUM.<\/p>\n\t\t\t\t<\/div>\n\t\t\t<\/div>\n\t\t<\/div>\n\t\t\t<div class=\"sow-accordion-panel\"\n\t\t\t data-anchor=\"idioma\">\n\t\t\t\t<div class=\"sow-accordion-panel-header-container\" role=\"heading\" aria-level=\"2\">\n\t\t\t\t\t<div class=\"sow-accordion-panel-header\" tabindex=\"0\" role=\"button\" id=\"accordion-label-idioma\" aria-controls=\"accordion-content-idioma\" aria-expanded=\"false\">\n\t\t\t\t\t\t<div class=\"sow-accordion-title sow-accordion-title-icon-left\">\n\t\t\t\t\t\t\t\t\t\t\t\t\t\tIdioma\t\t\t\t\t\t\t\t\t\t\t\t\t<\/div>\n\t\t\t\t\t\t<div class=\"sow-accordion-open-close-button\">\n\t\t\t\t\t\t\t<div class=\"sow-accordion-open-button\">\n\t\t\t\t\t\t\t\t<span class=\"sow-icon-ionicons\" data-sow-icon=\"&#xf218;\"\n\t\t \n\t\taria-hidden=\"true\"><\/span>\t\t\t\t\t\t\t<\/div>\n\t\t\t\t\t\t\t<div class=\"sow-accordion-close-button\">\n\t\t\t\t\t\t\t\t<span class=\"sow-icon-ionicons\" data-sow-icon=\"&#xf209;\"\n\t\t \n\t\taria-hidden=\"true\"><\/span>\t\t\t\t\t\t\t<\/div>\n\t\t\t\t\t\t<\/div>\n\t\t\t\t\t<\/div>\n\t\t\t\t<\/div>\n\n\t\t\t<div\n\t\t\t\tclass=\"sow-accordion-panel-content\"\n\t\t\t\trole=\"region\"\n\t\t\t\taria-labelledby=\"accordion-label-idioma\"\n\t\t\t\tid=\"accordion-content-idioma\"\n\t\t\t\tstyle=\"display: none;\"\t\t\t>\n\t\t\t\t<div class=\"sow-accordion-panel-border\" tabindex=\"0\">\n\t\t\t\t\t<p style=\"text-align: justify;\">Los estudiantes de UNT que participan del Programa de Doble Titulaci\u00f3n deben acreditar un nivel de idioma alem\u00e1n equivalente a B2. Se admitir\u00e1 un nivel de idioma equivalente a B1 siempre que el alumno se comprometa a alcanzar el nivel requerido antes del comienzo del cursado en TUM.<\/p>\n<p style=\"text-align: justify;\">Se recomienda un nivel de idioma ingl\u00e9s equivalente a B1 o superior.<\/p>\n\t\t\t\t<\/div>\n\t\t\t<\/div>\n\t\t<\/div>\n\t\t\t<div class=\"sow-accordion-panel\"\n\t\t\t data-anchor=\"resoluciones\">\n\t\t\t\t<div class=\"sow-accordion-panel-header-container\" role=\"heading\" aria-level=\"2\">\n\t\t\t\t\t<div class=\"sow-accordion-panel-header\" tabindex=\"0\" role=\"button\" id=\"accordion-label-resoluciones\" aria-controls=\"accordion-content-resoluciones\" aria-expanded=\"false\">\n\t\t\t\t\t\t<div class=\"sow-accordion-title sow-accordion-title-icon-left\">\n\t\t\t\t\t\t\t\t\t\t\t\t\t\tResoluciones\t\t\t\t\t\t\t\t\t\t\t\t\t<\/div>\n\t\t\t\t\t\t<div class=\"sow-accordion-open-close-button\">\n\t\t\t\t\t\t\t<div class=\"sow-accordion-open-button\">\n\t\t\t\t\t\t\t\t<span class=\"sow-icon-ionicons\" data-sow-icon=\"&#xf218;\"\n\t\t \n\t\taria-hidden=\"true\"><\/span>\t\t\t\t\t\t\t<\/div>\n\t\t\t\t\t\t\t<div class=\"sow-accordion-close-button\">\n\t\t\t\t\t\t\t\t<span class=\"sow-icon-ionicons\" data-sow-icon=\"&#xf209;\"\n\t\t \n\t\taria-hidden=\"true\"><\/span>\t\t\t\t\t\t\t<\/div>\n\t\t\t\t\t\t<\/div>\n\t\t\t\t\t<\/div>\n\t\t\t\t<\/div>\n\n\t\t\t<div\n\t\t\t\tclass=\"sow-accordion-panel-content\"\n\t\t\t\trole=\"region\"\n\t\t\t\taria-labelledby=\"accordion-label-resoluciones\"\n\t\t\t\tid=\"accordion-content-resoluciones\"\n\t\t\t\tstyle=\"display: none;\"\t\t\t>\n\t\t\t\t<div class=\"sow-accordion-panel-border\" tabindex=\"0\">\n\t\t\t\t\t<ul>\n<li><a href=\"https:\/\/www.facet.unt.edu.ar\/posgrado\/wp-content\/uploads\/sites\/54\/2022\/09\/RES.-1313-21-Creacion-carrera-UNT.pdf\" target=\"_blank\" rel=\"noopener\">Aprobaci\u00f3n Consejo Superior: Resoluci\u00f3n HCS UNT N\u00ba 1313\/2021<\/a><\/li>\n<li><a href=\"https:\/\/www.facet.unt.edu.ar\/posgrado\/wp-content\/uploads\/sites\/54\/2022\/09\/Res.-CONEAU-178-22.pdf\" target=\"_blank\" rel=\"noopener\">Acreditaci\u00f3n CONEAU: Resoluci\u00f3n N\u00ba 178\/22 CONEAU<\/a><\/li>\n<li><a href=\"https:\/\/www.facet.unt.edu.ar\/posgrado\/wp-content\/uploads\/sites\/54\/2023\/08\/RS-2023-81553591-APN-ME.pdf\" target=\"_blank\" rel=\"noopener\">Reconocimiento Ministerio de Educaci\u00f3n 1541\/2023<\/a><\/li>\n<\/ul>\n\t\t\t\t<\/div>\n\t\t\t<\/div>\n\t\t<\/div>\n\t\t\t<div class=\"sow-accordion-panel\"\n\t\t\t data-anchor=\"informes-e-inscripciones\">\n\t\t\t\t<div class=\"sow-accordion-panel-header-container\" role=\"heading\" aria-level=\"2\">\n\t\t\t\t\t<div class=\"sow-accordion-panel-header\" tabindex=\"0\" role=\"button\" id=\"accordion-label-informes-e-inscripciones\" aria-controls=\"accordion-content-informes-e-inscripciones\" aria-expanded=\"false\">\n\t\t\t\t\t\t<div class=\"sow-accordion-title sow-accordion-title-icon-left\">\n\t\t\t\t\t\t\t\t\t\t\t\t\t\tInformes e inscripciones\t\t\t\t\t\t\t\t\t\t\t\t\t<\/div>\n\t\t\t\t\t\t<div class=\"sow-accordion-open-close-button\">\n\t\t\t\t\t\t\t<div class=\"sow-accordion-open-button\">\n\t\t\t\t\t\t\t\t<span class=\"sow-icon-ionicons\" data-sow-icon=\"&#xf218;\"\n\t\t \n\t\taria-hidden=\"true\"><\/span>\t\t\t\t\t\t\t<\/div>\n\t\t\t\t\t\t\t<div class=\"sow-accordion-close-button\">\n\t\t\t\t\t\t\t\t<span class=\"sow-icon-ionicons\" data-sow-icon=\"&#xf209;\"\n\t\t \n\t\taria-hidden=\"true\"><\/span>\t\t\t\t\t\t\t<\/div>\n\t\t\t\t\t\t<\/div>\n\t\t\t\t\t<\/div>\n\t\t\t\t<\/div>\n\n\t\t\t<div\n\t\t\t\tclass=\"sow-accordion-panel-content\"\n\t\t\t\trole=\"region\"\n\t\t\t\taria-labelledby=\"accordion-label-informes-e-inscripciones\"\n\t\t\t\tid=\"accordion-content-informes-e-inscripciones\"\n\t\t\t\tstyle=\"display: none;\"\t\t\t>\n\t\t\t\t<div class=\"sow-accordion-panel-border\" tabindex=\"0\">\n\t\t\t\t\t<p><a href=\"mailto:ajacinto@herrera.unt.edu.ar\" target=\"_blank\" rel=\"noopener\">ajacinto@herrera.unt.edu.ar<\/a> (Dr. Ing. Abel Jacinto, Director de Carrera)<\/p>\n<p><a href=\"mailto:madaziano@herrera.unt.edu.ar\" target=\"_blank\" rel=\"noopener\">madaziano@herrera.unt.edu.ar<\/a> (Dra. Ing. Alejandra Daziano)<\/p>\n\t\t\t\t<\/div>\n\t\t\t<\/div>\n\t\t<\/div>\n\t\t<\/div>\n<\/div>\n<\/div><\/div><div id=\"panel-922-0-0-2\" class=\"so-panel widget widget_sow-button panel-last-child\" data-index=\"2\" ><div\n\t\t\t\n\t\t\tclass=\"so-widget-sow-button so-widget-sow-button-flat-1bcab6f78583-922\"\n\t\t\t\n\t\t><div class=\"ow-button-base ow-button-align-center\">\n\t<a href=\"https:\/\/www.facet.unt.edu.ar\/mig\/\" class=\"ow-icon-placement-top\" target=\"_blank\" rel=\"noopener noreferrer\" \t\t>\n\t\t<span>\n\t\t\t<div class=\"sow-icon-image\" style=\"background-image: url(https:\/\/www.facet.unt.edu.ar\/posgrado\/wp-content\/uploads\/sites\/54\/2022\/09\/logo-sitio-web.png)\"><\/div>\n\t\t\tSitio Web de la Maestr\u00eda en Ingenier\u00eda Geot\u00e9cnica\t\t<\/span>\n\t<\/a>\n<\/div>\n<\/div><\/div><\/div><div id=\"pgc-922-0-1\"  class=\"panel-grid-cell\" ><div id=\"panel-922-0-1-0\" class=\"so-panel widget widget_rss panel-first-child panel-last-child\" data-index=\"3\" ><h3 class=\"widget-title\"><a class=\"rsswidget rss-widget-feed\" href=\"https:\/\/www.facet.unt.edu.ar\/facetinforma\/category\/cursosdeposgrado\/feed\"><img class=\"rss-widget-icon\" style=\"border:0\" width=\"14\" height=\"14\" src=\"https:\/\/www.facet.unt.edu.ar\/posgrado\/wp-includes\/images\/rss.png\" alt=\"RSS\" loading=\"lazy\" \/><\/a> <a class=\"rsswidget rss-widget-title\" href=\"https:\/\/www.facet.unt.edu.ar\/facetinforma\">Cursos de Posgrado<\/a><\/h3><ul><li><a class='rsswidget' href='https:\/\/www.facet.unt.edu.ar\/facetinforma\/2024\/10\/04\/curso-de-posgrado-y-actualizacion-gestion-de-riesgo-de-inundaciones\/'>Curso de Posgrado y Actualizaci\u00f3n: Gesti\u00f3n de Riesgo de Inundaciones<\/a><div class=\"rssSummary\">La Facultad de Ciencias\u00a0 Exactas y\u00a0 Tecnolog\u00eda (FACET-UNT) invita a participar del Curso de Posgrado y Actualizaci\u00f3n: Gesti\u00f3n de Riesgo de Inundaciones, a cargo de Prof. Dr. Ing. Gerhard Haimerl, Decano y Coordinador de Asuntos Internacionales de la Facultad de Ingenier\u00eda Civil y Gerenciamiento de Proyectos de la Universidad de Ciencias Aplicadas de Biberach (HBC-Alemania), [&hellip;]<\/div><\/li><li><a class='rsswidget' href='https:\/\/www.facet.unt.edu.ar\/facetinforma\/2024\/09\/19\/acto-inaugural-del-encuentro-internacional-dialogos-sobre-el-agua\/'>Acto Inaugural del Encuentro Internacional: Di\u00e1logos sobre el agua<\/a><div class=\"rssSummary\">En la ma\u00f1ana de hoy en el Anfiteatro de Luminotecnia de la Facultad de Ciencias Exactas y Tecnolog\u00eda de la UNT, se llev\u00f3 a cabo el acto inaugural del Encuentro Internacional\u00a0 Di\u00e1logos sobre el agua: buena gobernanza, alianzas y cooperaci\u00f3n.\u00a0 Presenciaron la mesa de honor\u00a0 el Rector de la UNT, Ing. Sergio Pagani, la Vicerrectora, [&hellip;]<\/div><\/li><li><a class='rsswidget' href='https:\/\/www.facet.unt.edu.ar\/facetinforma\/2024\/09\/04\/curso-de-posgrado-herramientas-avanzadas-para-aulas-virtuales-2\/'>Curso de posgrado \u201cHerramientas Avanzadas para Aulas Virtuales\u201d<\/a><div class=\"rssSummary\">El Centro de Educaci\u00f3n a Distancia e Investigaci\u00f3n en Tecnolog\u00edas Educativas (CEDITE) de la Facultad de Ciencias Exactas y Tecnolog\u00eda, invita a participar en el curso de posgrado &quot;Herramientas Avanzadas para Aulas Virtuales&quot;.\u00a0 Durante 5 semanas, aprender\u00e1s a dominar las herramientas m\u00e1s eficaces de Moodle, desde la creaci\u00f3n de grupos y r\u00fabricas hasta la coevaluaci\u00f3n [&hellip;]<\/div><\/li><li><a class='rsswidget' href='https:\/\/www.facet.unt.edu.ar\/facetinforma\/2024\/09\/03\/curso-de-posgrado-taller-de-diseno-de-propuestas-de-ensenanza-innovadoras-para-el-ciclo-basico-en-facet\/'>Curso de Posgrado \u201cTaller de dise\u00f1o de propuestas de ense\u00f1anza innovadoras para el ciclo b\u00e1sico en FACET\u201d<\/a><div class=\"rssSummary\">El \u00c1rea de Formaci\u00f3n Docente de la FACET,informa: Invitamos a docentes que dictan asignaturas del ciclo b\u00e1sico de la FACET a participar del Curso de Posgrado \u201cTaller de dise\u00f1o de propuestas de ense\u00f1anza innovadoras para el ciclo b\u00e1sico en FACET\u201d, dictado por la Dra. D\u00e9borah Saientz. Temas que se abordar\u00e1n:\u00a0 La ense\u00f1anza y la innovaci\u00f3n [&hellip;]<\/div><\/li><li><a class='rsswidget' href='https:\/\/www.facet.unt.edu.ar\/facetinforma\/2024\/08\/26\/en-la-facet-se-dictara-la-maestria-en-electronica\/'>En la FACET se dictar\u00e1 la Maestr\u00eda en Electr\u00f3nica<\/a><div class=\"rssSummary\">La Secretar\u00eda de Educaci\u00f3n del Ministerio del Capital Humano, decidi\u00f3 otorgar reconocimiento oficial provisorio y la consecuente validez nacional seg\u00fan el Dictamen considerado por la Comisi\u00f3n Nacional de Evaluaci\u00f3n Y Acreditaci\u00f3n Universitaria al t\u00edtulo de posgrado de Mag\u00edster en Electr\u00f3nica, que expide la Universidad Nacional de Tucum\u00e1n, Facultad de Ciencias Exactas y Tecnolog\u00eda, perteneciente a [&hellip;]<\/div><\/li><\/ul><\/div><\/div><\/div><\/div>","protected":false},"excerpt":{"rendered":"<p>La Maestr\u00eda en Ingenier\u00eda Geot\u00e9cnica de la Universidad Nacional de Tucum\u00e1n (UNT) se enmarca en un Programa de Doble Titulaci\u00f3n con la Technische Universit\u00e4t M\u00fcnchen (TUM).El objetivo de la Carrera es formar egresados altamente capacitados en el \u00e1mbito de la Ingenier\u00eda Geot\u00e9cnica, rama de la Ingenier\u00eda Civil donde la demanda de conocimientos y experiencias superan [&hellip;]<\/p>\n","protected":false},"author":6,"featured_media":0,"parent":0,"menu_order":0,"comment_status":"closed","ping_status":"closed","template":"","meta":[],"_links":{"self":[{"href":"https:\/\/www.facet.unt.edu.ar\/posgrado\/wp-json\/wp\/v2\/pages\/922"}],"collection":[{"href":"https:\/\/www.facet.unt.edu.ar\/posgrado\/wp-json\/wp\/v2\/pages"}],"about":[{"href":"https:\/\/www.facet.unt.edu.ar\/posgrado\/wp-json\/wp\/v2\/types\/page"}],"author":[{"embeddable":true,"href":"https:\/\/www.facet.unt.edu.ar\/posgrado\/wp-json\/wp\/v2\/users\/6"}],"replies":[{"embeddable":true,"href":"https:\/\/www.facet.unt.edu.ar\/posgrado\/wp-json\/wp\/v2\/comments?post=922"}],"version-history":[{"count":27,"href":"https:\/\/www.facet.unt.edu.ar\/posgrado\/wp-json\/wp\/v2\/pages\/922\/revisions"}],"predecessor-version":[{"id":1372,"href":"https:\/\/www.facet.unt.edu.ar\/posgrado\/wp-json\/wp\/v2\/pages\/922\/revisions\/1372"}],"wp:attachment":[{"href":"https:\/\/www.facet.unt.edu.ar\/posgrado\/wp-json\/wp\/v2\/media?parent=922"}],"curies":[{"name":"wp","href":"https:\/\/api.w.org\/{rel}","templated":true}]}}