{"id":482,"date":"2022-10-20T23:01:57","date_gmt":"2022-10-21T02:01:57","guid":{"rendered":"https:\/\/www.facet.unt.edu.ar\/revistacet\/?page_id=482"},"modified":"2023-02-14T15:51:37","modified_gmt":"2023-02-14T18:51:37","slug":"revista-cet-42","status":"publish","type":"page","link":"https:\/\/www.facet.unt.edu.ar\/revistacet\/revista-cet-42\/","title":{"rendered":"Revista cet 42"},"content":{"rendered":"<p style=\"text-align: left;\">A\u00f1o 30 N\u00ba 42 \/ 2021<br \/>\nRevista de propiedad de la<br \/>\nFacultad de Ciencias Exactas y Tecnolog\u00eda<br \/>\nUniversidad Nacional de Tucum\u00e1n<br \/>\nTucum\u00e1n \u2013 Argentina<\/p>\n<p style=\"text-align: center;\"><strong>CONTENIDO<\/strong><\/p>\n<p><a href=\"https:\/\/www.facet.unt.edu.ar\/revistacet\/wp-content\/uploads\/sites\/28\/2023\/02\/EDITORIAL-CET-42.pdf\" target=\"_blank\" rel=\"noopener\"><span style=\"text-decoration: underline;\"><strong>Editorial<\/strong><\/span><\/a>&#8211; 2<br \/>\nEscrito por <strong>Nicol\u00e1s Nieva<\/strong><\/p>\n<p style=\"text-align: justify;\"><a href=\"https:\/\/www.facet.unt.edu.ar\/revistacet\/wp-content\/uploads\/sites\/28\/2022\/10\/INTRODUCCION.pdf\" target=\"_blank\" rel=\"noopener\"><strong>Introducci\u00f3n<\/strong><\/a><strong> &#8211; 4<\/strong><br \/>\nEscrito por <strong>Nicol\u00e1s Majorel Padilla<\/strong><\/p>\n<p><strong><u>Docencia<\/u><\/strong><\/p>\n<p>&#8211; <a href=\"https:\/\/www.facet.unt.edu.ar\/revistacet\/wp-content\/uploads\/sites\/28\/2022\/10\/1-D-Dictado-virtual-de.pdf\" target=\"_blank\" rel=\"noopener\">Desaf\u00edo 2020. Dictado virtual de An\u00e1lisis Matem\u00e1tico III, materia del Ciclo Superior de la Licenciatura en Matem\u00e1tica<\/a> &#8211; 6<br \/>\nEscrito por <strong>Estela Margarita L\u00f3pez y Rita Giselle Figueroa<\/strong><\/p>\n<p>&#8211; <a href=\"https:\/\/www.facet.unt.edu.ar\/revistacet\/wp-content\/uploads\/sites\/28\/2022\/10\/2-D-Adaptacion-del-dictado-de-una-asignatura-a-modalidad.pdf\" target=\"_blank\" rel=\"noopener\">Adaptaci\u00f3n del dictado de una asignatura a modalidad no presencial durante el a\u00f1o 2020<\/a> &#8211; 12<br \/>\nEscrito por <strong>Erika Tatiana Becker, Nicol\u00e1s Majorel Padilla, Esteban Daniel Volentini, Luis Abraham Tek, Matias Giori y Mart\u00edn Fern\u00e1ndez<\/strong><\/p>\n<p>&#8211; <a href=\"https:\/\/www.facet.unt.edu.ar\/revistacet\/wp-content\/uploads\/sites\/28\/2022\/10\/3-D-Respuestas-anidadas-cloze-en-examenes-parciales.pdf\" target=\"_blank\" rel=\"noopener\">Respuestas anidadas cloze en ex\u00e1menes parciales<\/a> &#8211; 18<br \/>\nEscrito por <strong>Mart\u00edn Jorge Donaire Burgos<\/strong><\/p>\n<p>&#8211; <a href=\"https:\/\/www.facet.unt.edu.ar\/revistacet\/wp-content\/uploads\/sites\/28\/2022\/10\/4-D-Algebra-y-Geometria-en-tiempos-de-aislamiento.pdf\" target=\"_blank\" rel=\"noopener\">En busca de un nuevo camino para seguir educando, \u00c1lgebra y Geometr\u00eda en tiempos de aislamiento<\/a> &#8211; 22<br \/>\nEScrito por <strong>Rita Figueroa, Liana Cruz, Isabel Lomas y Mercedes Ganim<\/strong><\/p>\n<p>&#8211; <a href=\"https:\/\/www.facet.unt.edu.ar\/revistacet\/wp-content\/uploads\/sites\/28\/2022\/10\/5-D-Inclusion-en-tiempos-de-pandemia.pdf\" target=\"_blank\" rel=\"noopener\">Inclusi\u00f3n en tiempos de pandemia<\/a> &#8211; 31<br \/>\nEscrito por <strong>E. Adriana Asahan, Estela F. Fern\u00e1ndez y Noelia A. Monteros<\/strong><\/p>\n<p><iframe loading=\"lazy\" src=\"https:\/\/www.yumpu.com\/la\/embed\/view\/nNTdVW1J4fe7BwQh\" width=\"620px\" height=\"570px\" frameborder=\"0\" allowfullscreen=\"allowfullscreen\"><\/iframe><br \/>\n<a title=\"CET 42 \" href=\"https:\/\/www.yumpu.com\/la\/document\/view\/67328146\/cet-42\" target=\"_blank\" rel=\"noopener\">CET 42 <\/a><\/p>\n<hr \/>\n<div>Esta publicaci\u00f3n figura en el Directorio de Latindex<br \/>\nClasificaci\u00f3n Decimal Universal (CDU): 501- 62<br \/>\nDirector: TEL. +54-381-4364093 \u2013 Int. 7719<br \/>\nCooperadora FACET: TEL. +54-381-4364093 Int. 7803<br \/>\nFAX: +54-381-4363004<br \/>\nE-mail: <a href=\"mailto:revista@herrera.unt.edu.ar\" target=\"_blank\" rel=\"noopener noreferrer\">revista@herrera.unt.edu.ar<\/a><br \/>\nEl contenido de los trabajos firmados no representa necesariamente la opini\u00f3n del editor, siendo de exclusiva responsabilidad de los autores.<br \/>\nRegistro de Propiedad Intelectual: N\u00ba 303943 \u2013 ISSN 1668-9178<br \/>\nEste n\u00famero cerr\u00f3 el 30\/11\/2021<\/div>\n","protected":false},"excerpt":{"rendered":"<p>A\u00f1o 30 N\u00ba 42 \/ 2021 Revista de propiedad de la Facultad de Ciencias Exactas y Tecnolog\u00eda Universidad Nacional de Tucum\u00e1n Tucum\u00e1n \u2013 Argentina CONTENIDO Editorial&#8211; 2 Escrito por Nicol\u00e1s Nieva Introducci\u00f3n &#8211; 4 Escrito por Nicol\u00e1s Majorel Padilla Docencia &#8211; Desaf\u00edo 2020. Dictado virtual de An\u00e1lisis Matem\u00e1tico III, materia del Ciclo Superior de la [&hellip;]<\/p>\n","protected":false},"author":6,"featured_media":0,"parent":0,"menu_order":0,"comment_status":"closed","ping_status":"closed","template":"","meta":[],"_links":{"self":[{"href":"https:\/\/www.facet.unt.edu.ar\/revistacet\/wp-json\/wp\/v2\/pages\/482"}],"collection":[{"href":"https:\/\/www.facet.unt.edu.ar\/revistacet\/wp-json\/wp\/v2\/pages"}],"about":[{"href":"https:\/\/www.facet.unt.edu.ar\/revistacet\/wp-json\/wp\/v2\/types\/page"}],"author":[{"embeddable":true,"href":"https:\/\/www.facet.unt.edu.ar\/revistacet\/wp-json\/wp\/v2\/users\/6"}],"replies":[{"embeddable":true,"href":"https:\/\/www.facet.unt.edu.ar\/revistacet\/wp-json\/wp\/v2\/comments?post=482"}],"version-history":[{"count":7,"href":"https:\/\/www.facet.unt.edu.ar\/revistacet\/wp-json\/wp\/v2\/pages\/482\/revisions"}],"predecessor-version":[{"id":732,"href":"https:\/\/www.facet.unt.edu.ar\/revistacet\/wp-json\/wp\/v2\/pages\/482\/revisions\/732"}],"wp:attachment":[{"href":"https:\/\/www.facet.unt.edu.ar\/revistacet\/wp-json\/wp\/v2\/media?parent=482"}],"curies":[{"name":"wp","href":"https:\/\/api.w.org\/{rel}","templated":true}]}}