{"id":821,"date":"2024-02-20T12:44:15","date_gmt":"2024-02-20T15:44:15","guid":{"rendered":"https:\/\/www.facet.unt.edu.ar\/revistacet\/?page_id=821"},"modified":"2024-02-24T19:51:47","modified_gmt":"2024-02-24T22:51:47","slug":"revista-cet-44","status":"publish","type":"page","link":"https:\/\/www.facet.unt.edu.ar\/revistacet\/revista-cet-44\/","title":{"rendered":"Revista cet 44"},"content":{"rendered":"<div id=\"pl-821\"  class=\"panel-layout\" ><div id=\"pg-821-0\"  class=\"panel-grid panel-no-style\" ><div id=\"pgc-821-0-0\"  class=\"panel-grid-cell\" ><div id=\"panel-821-0-0-0\" class=\"so-panel widget widget_sow-editor panel-first-child panel-last-child\" data-index=\"0\" ><div\n\t\t\t\n\t\t\tclass=\"so-widget-sow-editor so-widget-sow-editor-base\"\n\t\t\t\n\t\t>\n<div class=\"siteorigin-widget-tinymce textwidget\">\n\t<p>A\u00f1o 32 N\u00ba 44 \/ 2023<br \/>\nRevista de propiedad de la<br \/>\nFacultad de Ciencias Exactas y Tecnolog\u00eda<br \/>\nUniversidad Nacional de Tucum\u00e1n<br \/>\nTucum\u00e1n \u2013 Argentina<\/p>\n<p>&nbsp;<\/p>\n<p style=\"text-align: center;\"><strong>CONTENIDO<\/strong><\/p>\n<p>&nbsp;<\/p>\n<p><strong>EDITORIAL<\/strong><\/p>\n<p><a href=\"https:\/\/www.facet.unt.edu.ar\/revistacet\/wp-content\/uploads\/sites\/28\/2024\/02\/Revista_CET_N_44_2023_04_07.pdf\">La inteligencia, la m\u00e1quina y el ser<\/a><\/p>\n<p>Escrito por\u00a0<strong>Nicol\u00e1s NIEVA.<\/strong><\/p>\n<p>&nbsp;<\/p>\n<p><strong>INVESTIGACI\u00d3N, DESARROLLO E INNOVACI\u00d3N<\/strong><\/p>\n<p><a href=\"https:\/\/www.facet.unt.edu.ar\/revistacet\/wp-content\/uploads\/sites\/28\/2024\/02\/Revista_CET_N_44_2023_08_16.pdf\">Tiempo medio de graduaci\u00f3n de estudiantes de Ingenier\u00eda Civil. Aplicaci\u00f3n de t\u00e9cnicas de an\u00e1lisis de supervivencia<\/a><\/p>\n<p>Escrito por <strong>Hugo Roger PAZ.<\/strong><\/p>\n<p><a href=\"https:\/\/www.facet.unt.edu.ar\/revistacet\/wp-content\/uploads\/sites\/28\/2024\/02\/Revista_CET_N_44_2023_17_25.pdf\">Cambios en los \u00f3valos aurorales debido a variaciones en el viento solar y el campo geomagn\u00e9tico<\/a><\/p>\n<p>Escrito por<strong>\u00a0 Jos\u00e9 A. OCHOA , Bruno S. ZOSSI y Ana G. EL\u00cdAS<\/strong><\/p>\n<p><a href=\"https:\/\/www.facet.unt.edu.ar\/revistacet\/wp-content\/uploads\/sites\/28\/2024\/02\/Revista_CET_N_44_2023_26_43.pdf\">Medici\u00f3n y registro de la calidad del aire<\/a><\/p>\n<p>Escrito por<strong> Jos\u00e9 YOUNES, Esteban Daniel VOLENTINI, Carlos ALBACA PARAV\u00c1N.<\/strong><\/p>\n<p><a href=\"https:\/\/www.facet.unt.edu.ar\/revistacet\/wp-content\/uploads\/sites\/28\/2024\/02\/Revista_CET_N_44_2023_44_53.pdf\">La sucesi\u00f3n espectral de Hochschild-Serre para \u00e1lgebras de Lie. Cohomolog\u00eda<\/a><\/p>\n<p>Escrito por\u00a0 <strong> Diego Alejandro <\/strong><strong>CORREA , Isabel del Valle LOMAS.<\/strong><\/p>\n<p>&nbsp;<\/p>\n<p><strong>DOCENCIA<\/strong><\/p>\n<p><a href=\"https:\/\/www.facet.unt.edu.ar\/revistacet\/wp-content\/uploads\/sites\/28\/2024\/02\/Revista_CET_N_44_2023_54_62.pdf\">Los desaf\u00edos de la Educaci\u00f3n a Distancia en la FACET y la coyuntura actual de redefiniciones<\/a><\/p>\n<p>Escrito por <strong> L\u00eda F. <\/strong><strong>TORRES AUAD , Nicol\u00e1s G. AUVIEUX , Gustavo A. JOS\u00c9 ,\u00a0<\/strong><\/p>\n<p><strong> Le\u00f3n JAIMOVICH , Mar\u00eda F. GUZM\u00c1N.\u00a0\u00a0<\/strong><\/p>\n<p>&nbsp;<\/p>\n<p><strong>INFORME T\u00c9CNICO<\/strong><\/p>\n<p><a href=\"https:\/\/www.facet.unt.edu.ar\/revistacet\/wp-content\/uploads\/sites\/28\/2024\/02\/Revista_CET_N_44_2023_63_71.pdf\">C\u00e1lculo del aire real y la temperatura te\u00f3rica alcancazada en la c\u00e1mara de combusti\u00f3n de una turbina de gas<\/a><\/p>\n<p>Escrito por <strong> Pablo Sebasti\u00e1n <\/strong><strong>SOSA.<\/strong><\/p>\n<p>&nbsp;<\/p>\n<p><strong>NOTAS, ARTE Y OPINI\u00d3N<\/strong><\/p>\n<p><a href=\"https:\/\/www.facet.unt.edu.ar\/revistacet\/wp-content\/uploads\/sites\/28\/2024\/02\/Revista_CET_N_44_2023_72_75.pdf\">Historia de una ida y una vuelta<\/a><br \/>\nEscrito por<strong> Ezequiel\u00a0<\/strong><strong>TOSI.<\/strong><\/p>\n<p>&nbsp;<\/p>\n<p><strong>PARA AUTORES<\/strong><\/p>\n<p><a href=\"https:\/\/www.facet.unt.edu.ar\/revistacet\/wp-content\/uploads\/sites\/28\/2024\/02\/Revista_CET_N_44_2023_76_78.pdf\">Instrucciones para autores.<\/a><\/p>\n<p><a href=\"https:\/\/www.facet.unt.edu.ar\/revistacet\/wp-content\/uploads\/sites\/28\/2024\/02\/Revista_CET_N_44_2023_corregido.pdf\">N\u00daMERO COMPLETO.<\/a><\/p>\n<p>&nbsp;<\/p>\n<p>&nbsp;<\/p>\n<hr \/>\n<div>Esta publicaci\u00f3n figura en el Directorio de Latindex<br \/>\nClasificaci\u00f3n Decimal Universal (CDU): 501- 62<br \/>\nDirector: Tel. +54-381-4364093 \u2013 Int. 7719<br \/>\nE-mail: <a href=\"mailto:revista@herrera.unt.edu.ar\" target=\"_blank\" rel=\"noopener noreferrer\">revista@herrera.unt.edu.ar<\/a><br \/>\nEl contenido de los trabajos firmados no representa necesariamente la opini\u00f3n del editor, siendo de exclusiva responsabilidad de los autores.<br \/>\nRegistro de Propiedad Intelectual: N\u00ba 303943 \u2013 ISSN 1668-9178<br \/>\nEste n\u00famero cerr\u00f3 el 30\/11\/2023<\/div>\n<\/div>\n<\/div><\/div><\/div><\/div><\/div>","protected":false},"excerpt":{"rendered":"<p>A\u00f1o 32 N\u00ba 44 \/ 2023 Revista de propiedad de la Facultad de Ciencias Exactas y Tecnolog\u00eda Universidad Nacional de Tucum\u00e1n Tucum\u00e1n \u2013 Argentina &nbsp; CONTENIDO &nbsp; EDITORIAL La inteligencia, la m\u00e1quina y el ser Escrito por\u00a0Nicol\u00e1s NIEVA. &nbsp; INVESTIGACI\u00d3N, DESARROLLO E INNOVACI\u00d3N Tiempo medio de graduaci\u00f3n de estudiantes de Ingenier\u00eda Civil. Aplicaci\u00f3n de t\u00e9cnicas [&hellip;]<\/p>\n","protected":false},"author":123500,"featured_media":0,"parent":0,"menu_order":0,"comment_status":"closed","ping_status":"closed","template":"","meta":[],"_links":{"self":[{"href":"https:\/\/www.facet.unt.edu.ar\/revistacet\/wp-json\/wp\/v2\/pages\/821"}],"collection":[{"href":"https:\/\/www.facet.unt.edu.ar\/revistacet\/wp-json\/wp\/v2\/pages"}],"about":[{"href":"https:\/\/www.facet.unt.edu.ar\/revistacet\/wp-json\/wp\/v2\/types\/page"}],"author":[{"embeddable":true,"href":"https:\/\/www.facet.unt.edu.ar\/revistacet\/wp-json\/wp\/v2\/users\/123500"}],"replies":[{"embeddable":true,"href":"https:\/\/www.facet.unt.edu.ar\/revistacet\/wp-json\/wp\/v2\/comments?post=821"}],"version-history":[{"count":13,"href":"https:\/\/www.facet.unt.edu.ar\/revistacet\/wp-json\/wp\/v2\/pages\/821\/revisions"}],"predecessor-version":[{"id":846,"href":"https:\/\/www.facet.unt.edu.ar\/revistacet\/wp-json\/wp\/v2\/pages\/821\/revisions\/846"}],"wp:attachment":[{"href":"https:\/\/www.facet.unt.edu.ar\/revistacet\/wp-json\/wp\/v2\/media?parent=821"}],"curies":[{"name":"wp","href":"https:\/\/api.w.org\/{rel}","templated":true}]}}