{"id":133,"date":"2016-03-15T19:39:21","date_gmt":"2016-03-15T22:39:21","guid":{"rendered":"https:\/\/www.facet.unt.edu.ar\/syso\/?page_id=133"},"modified":"2018-06-22T13:42:16","modified_gmt":"2018-06-22T16:42:16","slug":"renpre","status":"publish","type":"page","link":"https:\/\/www.facet.unt.edu.ar\/syso\/renpre\/","title":{"rendered":"RENPRE"},"content":{"rendered":"<p style=\"text-align: justify;\"><strong>En la Facultad de Ciencias Exactas y Tecnolog\u00eda (FACET) se realiz\u00f3 una capacitaci\u00f3n sobre las nuevas normativas de la trazabilidad de los precursores qu\u00edmicos.<\/strong><\/p>\n<p><a href=\"https:\/\/www.facet.unt.edu.ar\/syso\/wp-content\/uploads\/sites\/36\/2016\/03\/trazabilidad-1024x511.jpg\" rel=\"attachment wp-att-135\"><img decoding=\"async\" loading=\"lazy\" class=\"aligncenter wp-image-135\" src=\"https:\/\/www.facet.unt.edu.ar\/syso\/wp-content\/uploads\/sites\/36\/2016\/03\/trazabilidad-1024x511-1024x511.jpg\" alt=\"trazabilidad-1024x511\" width=\"507\" height=\"253\" srcset=\"https:\/\/www.facet.unt.edu.ar\/syso\/wp-content\/uploads\/sites\/36\/2016\/03\/trazabilidad-1024x511.jpg 1024w, https:\/\/www.facet.unt.edu.ar\/syso\/wp-content\/uploads\/sites\/36\/2016\/03\/trazabilidad-1024x511-300x150.jpg 300w, https:\/\/www.facet.unt.edu.ar\/syso\/wp-content\/uploads\/sites\/36\/2016\/03\/trazabilidad-1024x511-768x383.jpg 768w, https:\/\/www.facet.unt.edu.ar\/syso\/wp-content\/uploads\/sites\/36\/2016\/03\/trazabilidad-1024x511-960x480.jpg 960w\" sizes=\"(max-width: 507px) 100vw, 507px\" \/><\/a><\/p>\n<div style=\"text-align: justify;\">En la FACET, el d\u00eda 09 de Abril del corriente a\u00f1o tuvo lugar un taller de Capacitaci\u00f3n sobre el Sistema Nacional de Trazabilidad de Precursores Qu\u00edmicos destinado a docentes, investigadores, responsables de uso y guarda de sustancias controladas a trav\u00e9s del Registro Nacional de Precursores Qu\u00edmicos (RENPRE). La capacitaci\u00f3n estuvo coordinada por nuestra Universidad a trav\u00e9s de esa unidad acad\u00e9mica y por la Secretar\u00eda de Programaci\u00f3n para la Prevenci\u00f3n de la Drogadicci\u00f3n y Lucha contra el Narcotr\u00e1fico (SEDRONAR).<\/div>\n<div style=\"text-align: justify;\"><\/div>\n<div style=\"text-align: justify;\">El acto cont\u00f3 con la participaci\u00f3n del vicerrector, Ing. Jos\u00e9 Garc\u00eda; del Decano de Ciencias Exactas y Tecnolog\u00eda, Ing. Sergio Pagani; el Secretario de Gesti\u00f3n y Extensi\u00f3n\u00a0y presidente de la Comisi\u00f3n de Seguridad y Salud Ocupacional\u00a0de esa unidad acad\u00e9mica, Prof. Ing. Carlos A. Rodr\u00edguez; de la jefa de Ingreso de Documentaci\u00f3n y Archivo del RENPRE, Mar\u00eda Victoria Toral y de la secretaria de Ciencia, Arte e Innovaci\u00f3n Tecnol\u00f3gica de la UNT, Rosana Cheh\u00edn, entre otros.<\/div>\n<div><\/div>\n<div style=\"text-align: justify;\">Participaron de la mencionada capacitaci\u00f3n, personal de siete de las trece facultades, que son las que trabajan con precursores qu\u00edmicos (Agronom\u00eda, Artes, Bioqu\u00edmica, Exactas, Ciencias Naturales, Medicina y Odontolog\u00eda).<\/div>\n<div style=\"text-align: justify;\"><\/div>\n<div style=\"text-align: justify;\">En la oportunidad, el Vicerrector Garc\u00eda se\u00f1al\u00f3 que es muy importante que las unidades acad\u00e9micas se capaciten en el uso y guarda de sustancias qu\u00edmicas y afirm\u00f3 que desde el a\u00f1o pasado se viene trabajando en el Sistema de Trazabilidad de Precursores Qu\u00edmicos, seg\u00fan la normativa nacional.<\/div>\n<div style=\"text-align: justify;\"><\/div>\n<div style=\"text-align: justify;\">El Decano de Ciencias Exactas y Tecnolog\u00eda coment\u00f3 que la UNT tiene un protocolo de uso de estos precursores y que actualmente se est\u00e1n adecuando a la legislaci\u00f3n nacional en la materia. \u201cLa idea es informar el camino que sigue un precursor qu\u00edmico desde que se solicita su adquisici\u00f3n hasta su deposici\u00f3n final al ser usado con fines acad\u00e9micos\u201d, precis\u00f3 Pagani.<\/div>\n<div style=\"text-align: justify;\"><\/div>\n<div style=\"text-align: justify;\">Finalmente, el Sr. Secretario de Gesti\u00f3n y Extensi\u00f3n de la FACET, Ing. Rodr\u00edguez indic\u00f3 que esa unidad acad\u00e9mica, viene trabajando en la tem\u00e1tica dentro del \u00e1mbito de la comisi\u00f3n de seguridad y salud ocupacional a trav\u00e9s de la organizaci\u00f3n de actividades de capacitaci\u00f3n, sensibilizaci\u00f3n y asesoramiento operativo para todos los responsables de manejo de sustancias qu\u00edmicas tipificadas como precursores qu\u00edmicos por el RENPRE SEDRONAR.<\/div>\n<p style=\"text-align: justify;\">Por su parte la funcionaria del RENPRE felicit\u00f3 a la UNT por la iniciativa de organizar la capacitaci\u00f3n. \u201cEsta Universidad tiene un fuerte sentido de responsabilidad social digno de felicitar porque entiende que cada uno puede aportar su granito de arena para el control del uso y guarda de precursores qu\u00edmicos\u201d. \u201cPara los cient\u00edficos la burocracia suele ser aburrida y la idea es que encuentren el sentido de esta colaboraci\u00f3n y es evitar el desvi\u00f3 de estos precursores qu\u00edmicos en el mercado ilegal. Esto tiene que ver con el narcotr\u00e1fico, la salud y la seguridad social\u201d, puntualiz\u00f3 Toral.<\/p>\n<p>\u2013 <a href=\"http:\/\/www.youblisher.com\/p\/1126114-Cartilla-Informativa-RENPRE-SEDRONAR\/\" target=\"_blank\" rel=\"noopener\">Cartilla de Informaci\u00f3n General<\/a><\/p>\n<p>\u2013\u00a0<a href=\"https:\/\/www.facet.unt.edu.ar\/syso\/wp-content\/uploads\/sites\/36\/2016\/03\/ley_26045.pdf\" target=\"_blank\" rel=\"noopener\">Ley Nro. 26045<\/a><\/p>\n<p>\u2013 <a href=\"https:\/\/www.facet.unt.edu.ar\/syso\/wp-content\/uploads\/sites\/36\/2016\/03\/IMG_0001.pdf\" target=\"_blank\" rel=\"noopener\">Certificado de Inscripci\u00f3n en el Registro Nacional de Precursores Qu\u00edmicos<\/a><\/p>\n<p>\u2013 <a href=\"https:\/\/www.facet.unt.edu.ar\/syso\/wp-content\/uploads\/sites\/36\/2016\/03\/PLANILLA-PARA-INFORMAR-PRODUCTOS.xls\" target=\"_blank\" rel=\"noopener\">Planilla para Informar Productos (EXCEL)<\/a><\/p>\n<p>\u2013 <a href=\"https:\/\/www.facet.unt.edu.ar\/syso\/wp-content\/uploads\/sites\/36\/2016\/03\/sedronar._listas_i_ii_y_iii.pdf\" target=\"_blank\" rel=\"noopener\">Listas de Precursores y Sustancias Qu\u00edmicas<\/a><\/p>\n<p style=\"text-align: justify;\"><strong>Lic. Gabriel Mauricio D\u00edaz<\/strong> (\u00c1rea Infraestructura FACET &#8211; Int. 8523): Responsable del Uso y Guarda de los Precursores Qu\u00edmicos en el \u00e1mbito de la Facultad de Ciencias Exactas y Tecnolog\u00eda de la UNT, mediante Resoluci\u00f3n N\u00ba 1966\/2017, de fecha 26 de Diciembre de 2017. La designaci\u00f3n es a partir del 01 de Abril del 2018 y hasta el 31 de Marzo de 2019.<\/p>\n","protected":false},"excerpt":{"rendered":"<p>En la Facultad de Ciencias Exactas y Tecnolog\u00eda (FACET) se realiz\u00f3 una capacitaci\u00f3n sobre las nuevas normativas de la trazabilidad de los precursores qu\u00edmicos. En la FACET, el d\u00eda 09 de Abril del corriente a\u00f1o tuvo lugar un taller de Capacitaci\u00f3n sobre el Sistema Nacional de Trazabilidad de Precursores Qu\u00edmicos destinado a docentes, investigadores, responsables [&hellip;]<\/p>\n","protected":false},"author":6,"featured_media":0,"parent":0,"menu_order":0,"comment_status":"closed","ping_status":"closed","template":"","meta":[],"_links":{"self":[{"href":"https:\/\/www.facet.unt.edu.ar\/syso\/wp-json\/wp\/v2\/pages\/133"}],"collection":[{"href":"https:\/\/www.facet.unt.edu.ar\/syso\/wp-json\/wp\/v2\/pages"}],"about":[{"href":"https:\/\/www.facet.unt.edu.ar\/syso\/wp-json\/wp\/v2\/types\/page"}],"author":[{"embeddable":true,"href":"https:\/\/www.facet.unt.edu.ar\/syso\/wp-json\/wp\/v2\/users\/6"}],"replies":[{"embeddable":true,"href":"https:\/\/www.facet.unt.edu.ar\/syso\/wp-json\/wp\/v2\/comments?post=133"}],"version-history":[{"count":12,"href":"https:\/\/www.facet.unt.edu.ar\/syso\/wp-json\/wp\/v2\/pages\/133\/revisions"}],"predecessor-version":[{"id":327,"href":"https:\/\/www.facet.unt.edu.ar\/syso\/wp-json\/wp\/v2\/pages\/133\/revisions\/327"}],"wp:attachment":[{"href":"https:\/\/www.facet.unt.edu.ar\/syso\/wp-json\/wp\/v2\/media?parent=133"}],"curies":[{"name":"wp","href":"https:\/\/api.w.org\/{rel}","templated":true}]}}